{"id":6967,"date":"2026-02-24T11:15:19","date_gmt":"2026-02-24T10:15:19","guid":{"rendered":"https:\/\/spack-webdesign.de\/rehl-klima\/?page_id=6967"},"modified":"2026-02-26T14:47:06","modified_gmt":"2026-02-26T13:47:06","slug":"rehau-heizung-anitaer","status":"publish","type":"page","link":"https:\/\/spack-webdesign.de\/rehl-klima\/heizung-klima-service\/heizung-sanitaer\/rehau-heizung-anitaer\/","title":{"rendered":"Rehau"},"content":{"rendered":"<div class=\"fusion-fullwidth fullwidth-box fusion-builder-row-1 fusion-flex-container has-pattern-background has-mask-background nonhundred-percent-fullwidth non-hundred-percent-height-scrolling\" style=\"--awb-border-radius-top-left:0px;--awb-border-radius-top-right:0px;--awb-border-radius-bottom-right:0px;--awb-border-radius-bottom-left:0px;--awb-flex-wrap:wrap;\" ><div class=\"fusion-builder-row fusion-row fusion-flex-align-items-flex-start fusion-flex-content-wrap\" style=\"max-width:1216.8px;margin-left: calc(-4% \/ 2 );margin-right: calc(-4% \/ 2 );\"><div class=\"fusion-layout-column fusion_builder_column fusion-builder-column-0 fusion_builder_column_1_1 1_1 fusion-flex-column\" style=\"--awb-padding-bottom:25px;--awb-overflow:hidden;--awb-bg-blend:overlay;--awb-bg-size:cover;--awb-border-color:#d8d8d8;--awb-border-color-hover:#5a80dd;--awb-border-radius:15px 15px 15px 15px;--awb-width-large:100%;--awb-margin-top-large:0px;--awb-spacing-right-large:1.92%;--awb-margin-bottom-large:0px;--awb-spacing-left-large:1.92%;--awb-width-medium:100%;--awb-spacing-right-medium:1.92%;--awb-spacing-left-medium:1.92%;--awb-width-small:100%;--awb-spacing-right-small:1.92%;--awb-spacing-left-small:1.92%;\"><div class=\"fusion-column-wrapper fusion-flex-justify-content-flex-start fusion-content-layout-column\"><div class=\"fusion-image-element \" style=\"--awb-margin-top:40px;--awb-max-width:300px;--awb-caption-title-font-family:var(--h2_typography-font-family);--awb-caption-title-font-weight:var(--h2_typography-font-weight);--awb-caption-title-font-style:var(--h2_typography-font-style);--awb-caption-title-size:var(--h2_typography-font-size);--awb-caption-title-transform:var(--h2_typography-text-transform);--awb-caption-title-line-height:var(--h2_typography-line-height);--awb-caption-title-letter-spacing:var(--h2_typography-letter-spacing);\"><span class=\" fusion-imageframe imageframe-none imageframe-1 hover-type-none\"><img decoding=\"async\" width=\"399\" height=\"126\" title=\"rehau-logo\" src=\"https:\/\/spack-webdesign.de\/rehl-klima\/wp-content\/uploads\/2026\/02\/rehau-logo.png\" alt class=\"img-responsive wp-image-6969\" srcset=\"https:\/\/spack-webdesign.de\/rehl-klima\/wp-content\/uploads\/2026\/02\/rehau-logo-200x63.png 200w, https:\/\/spack-webdesign.de\/rehl-klima\/wp-content\/uploads\/2026\/02\/rehau-logo.png 399w\" sizes=\"(max-width: 1024px) 100vw, (max-width: 640px) 100vw, 399px\" \/><\/span><\/div><\/div><\/div><div class=\"fusion-layout-column fusion_builder_column fusion-builder-column-1 fusion_builder_column_2_3 2_3 fusion-flex-column\" style=\"--awb-bg-size:cover;--awb-width-large:66.6666666667%;--awb-margin-top-large:0px;--awb-spacing-right-large:2.88%;--awb-margin-bottom-large:20px;--awb-spacing-left-large:2.88%;--awb-width-medium:100%;--awb-order-medium:0;--awb-spacing-right-medium:1.92%;--awb-spacing-left-medium:1.92%;--awb-width-small:100%;--awb-order-small:0;--awb-spacing-right-small:1.92%;--awb-spacing-left-small:1.92%;\"><div class=\"fusion-column-wrapper fusion-column-has-shadow fusion-flex-justify-content-flex-start fusion-content-layout-column\"><div class=\"fusion-text fusion-text-1\" style=\"--awb-text-color:var(--awb-color7);--awb-text-font-family:&quot;Kumbh Sans&quot;;--awb-text-font-style:normal;--awb-text-font-weight:300;\"><div class=\"flex-shrink-0 flex flex-col relative items-end\">\n<p data-start=\"280\" data-end=\"585\"><strong data-start=\"280\" data-end=\"289\">REHAU<\/strong> z\u00e4hlt zu den technologisch f\u00fchrenden Anbietern von innovativen L\u00f6sungen im Bereich der Geb\u00e4udetechnik. Mit ma\u00dfgeschneiderten <strong data-start=\"415\" data-end=\"466\">Verlegesystemen f\u00fcr Fl\u00e4chenheizung und -k\u00fchlung<\/strong> bietet das Unternehmen effiziente, langlebige und komfortable Systeme zur Temperierung von Wohn- und Gewerbebereichen.<\/p>\n<p data-start=\"587\" data-end=\"991\">Die Fl\u00e4chenheiz- und -k\u00fchlsysteme von REHAU basieren auf durchdachter Rohrtechnik und intelligent ausgelegten Verlegesystemen, die eine gleichm\u00e4\u00dfige Temperaturverteilung \u00fcber Wand-, Boden- oder Deckenfl\u00e4chen erm\u00f6glichen. Durch die gro\u00dffl\u00e4chige Temperierung lassen sich sowohl behagliche W\u00e4rme im Winter als auch angenehme K\u00fchle im Sommer realisieren \u2013 unterst\u00fctzt durch effiziente Pump- und Regeltechnik.<\/p>\n<p data-start=\"993\" data-end=\"1392\">Ein gro\u00dfer Vorteil der REHAU-Systeme liegt in ihrer Flexibilit\u00e4t: Sie eignen sich gleicherma\u00dfen f\u00fcr Neubauten wie f\u00fcr Modernisierungsprojekte und k\u00f6nnen auf unterschiedliche Bauweisen abgestimmt werden. Durch die Kombination mit modernen Heiz- und K\u00fchlsystemen, wie W\u00e4rmepumpen oder Photovoltaik-unterst\u00fctzten L\u00f6sungen, entsteht ein ganzheitliches, energieeffizientes Konzept f\u00fcr den Geb\u00e4udekomfort.<\/p>\n<p data-start=\"1394\" data-end=\"1690\">Als Partner von REHAU setzen wir auf diese hochwertigen Fl\u00e4chenl\u00f6sungen f\u00fcr Heizen und K\u00fchlen. Wir unterst\u00fctzen Sie bei der Auswahl des passenden Systems, der detaillierten Planung sowie der fachgerechten Umsetzung \u2013 f\u00fcr ein effizientes, zuverl\u00e4ssiges und komfortables Raumklima in Ihrem Projekt.<\/p>\n<\/div>\n<\/div><\/div><\/div><div class=\"fusion-layout-column fusion_builder_column fusion-builder-column-2 fusion_builder_column_1_3 1_3 fusion-flex-column\" style=\"--awb-bg-size:cover;--awb-width-large:33.3333333333%;--awb-margin-top-large:0px;--awb-spacing-right-large:5.76%;--awb-margin-bottom-large:20px;--awb-spacing-left-large:5.76%;--awb-width-medium:100%;--awb-order-medium:0;--awb-spacing-right-medium:1.92%;--awb-spacing-left-medium:1.92%;--awb-width-small:100%;--awb-order-small:0;--awb-spacing-right-small:1.92%;--awb-spacing-left-small:1.92%;\"><div class=\"fusion-column-wrapper fusion-column-has-shadow fusion-flex-justify-content-flex-start fusion-content-layout-column\"><div class=\"fusion-image-element \" style=\"--awb-aspect-ratio:1 \/ 1;--awb-caption-title-font-family:var(--h2_typography-font-family);--awb-caption-title-font-weight:var(--h2_typography-font-weight);--awb-caption-title-font-style:var(--h2_typography-font-style);--awb-caption-title-size:var(--h2_typography-font-size);--awb-caption-title-transform:var(--h2_typography-text-transform);--awb-caption-title-line-height:var(--h2_typography-line-height);--awb-caption-title-letter-spacing:var(--h2_typography-letter-spacing);\"><span class=\" fusion-imageframe imageframe-none imageframe-2 hover-type-none has-aspect-ratio\"><img decoding=\"async\" width=\"1600\" height=\"1200\" title=\"fu\u00dfbodenheizung1\" src=\"https:\/\/spack-webdesign.de\/rehl-klima\/wp-content\/uploads\/2026\/02\/fussbodenheizung1.jpeg\" class=\"img-responsive wp-image-6944 img-with-aspect-ratio\" data-parent-fit=\"cover\" data-parent-container=\".fusion-image-element\" alt srcset=\"https:\/\/spack-webdesign.de\/rehl-klima\/wp-content\/uploads\/2026\/02\/fussbodenheizung1-200x150.jpeg 200w, https:\/\/spack-webdesign.de\/rehl-klima\/wp-content\/uploads\/2026\/02\/fussbodenheizung1-400x300.jpeg 400w, https:\/\/spack-webdesign.de\/rehl-klima\/wp-content\/uploads\/2026\/02\/fussbodenheizung1-600x450.jpeg 600w, https:\/\/spack-webdesign.de\/rehl-klima\/wp-content\/uploads\/2026\/02\/fussbodenheizung1-800x600.jpeg 800w, https:\/\/spack-webdesign.de\/rehl-klima\/wp-content\/uploads\/2026\/02\/fussbodenheizung1-1200x900.jpeg 1200w, https:\/\/spack-webdesign.de\/rehl-klima\/wp-content\/uploads\/2026\/02\/fussbodenheizung1.jpeg 1600w\" sizes=\"(max-width: 1024px) 100vw, (max-width: 640px) 100vw, 400px\" \/><\/span><\/div><div style=\"text-align:center;\"><a class=\"fusion-button button-flat fusion-button-default-size button-default fusion-button-default button-1 fusion-button-default-span fusion-button-default-type awb-b-icon-pos-right\" style=\"--button_margin-top:40px;\" target=\"_blank\" rel=\"noopener noreferrer\" data-hover=\"icon_position\" href=\"https:\/\/bs.rehau.com\/de-de\/loesungen-fuer-die-gebaeudetechnik\/heizen-kuehlen-lueften\/flaechenheizung-und-kuehlung\/verlegesysteme-flaechenheizung\"><span class=\"fusion-button-text awb-button__text awb-button__text--default\">Mehr erfahren<\/span><i class=\"fa-angle-right fas awb-button__icon awb-button__icon--default button-icon-right\" aria-hidden=\"true\"><\/i><i class=\"fa-angle-right fas awb-button__icon awb-button__icon--default button-icon-right\" aria-hidden=\"true\"><\/i><\/a><\/div><\/div><\/div><div class=\"fusion-layout-column fusion_builder_column fusion-builder-column-3 fusion_builder_column_1_3 1_3 fusion-flex-column\" style=\"--awb-bg-size:cover;--awb-width-large:33.3333333333%;--awb-margin-top-large:0px;--awb-spacing-right-large:5.76%;--awb-margin-bottom-large:20px;--awb-spacing-left-large:5.76%;--awb-width-medium:100%;--awb-order-medium:0;--awb-spacing-right-medium:1.92%;--awb-spacing-left-medium:1.92%;--awb-width-small:100%;--awb-order-small:0;--awb-spacing-right-small:1.92%;--awb-spacing-left-small:1.92%;\"><div class=\"fusion-column-wrapper fusion-column-has-shadow fusion-flex-justify-content-flex-start fusion-content-layout-column\"><\/div><\/div><\/div><\/div>\n","protected":false},"excerpt":{"rendered":"","protected":false},"author":1,"featured_media":0,"parent":6956,"menu_order":0,"comment_status":"closed","ping_status":"closed","template":"100-width.php","meta":{"footnotes":""},"class_list":["post-6967","page","type-page","status-publish","hentry"],"_links":{"self":[{"href":"https:\/\/spack-webdesign.de\/rehl-klima\/wp-json\/wp\/v2\/pages\/6967","targetHints":{"allow":["GET"]}}],"collection":[{"href":"https:\/\/spack-webdesign.de\/rehl-klima\/wp-json\/wp\/v2\/pages"}],"about":[{"href":"https:\/\/spack-webdesign.de\/rehl-klima\/wp-json\/wp\/v2\/types\/page"}],"author":[{"embeddable":true,"href":"https:\/\/spack-webdesign.de\/rehl-klima\/wp-json\/wp\/v2\/users\/1"}],"replies":[{"embeddable":true,"href":"https:\/\/spack-webdesign.de\/rehl-klima\/wp-json\/wp\/v2\/comments?post=6967"}],"version-history":[{"count":3,"href":"https:\/\/spack-webdesign.de\/rehl-klima\/wp-json\/wp\/v2\/pages\/6967\/revisions"}],"predecessor-version":[{"id":7114,"href":"https:\/\/spack-webdesign.de\/rehl-klima\/wp-json\/wp\/v2\/pages\/6967\/revisions\/7114"}],"up":[{"embeddable":true,"href":"https:\/\/spack-webdesign.de\/rehl-klima\/wp-json\/wp\/v2\/pages\/6956"}],"wp:attachment":[{"href":"https:\/\/spack-webdesign.de\/rehl-klima\/wp-json\/wp\/v2\/media?parent=6967"}],"curies":[{"name":"wp","href":"https:\/\/api.w.org\/{rel}","templated":true}]}}