{"id":6001,"date":"2025-09-12T18:47:47","date_gmt":"2025-09-12T16:47:47","guid":{"rendered":"https:\/\/spack-webdesign.de\/rehl-klima\/?page_id=6001"},"modified":"2026-03-03T11:26:36","modified_gmt":"2026-03-03T10:26:36","slug":"pv-anlage","status":"publish","type":"page","link":"https:\/\/spack-webdesign.de\/rehl-klima\/elektro-service\/pv-anlage\/","title":{"rendered":"PV-Anlage"},"content":{"rendered":"<p><div class=\"fusion-fullwidth fullwidth-box fusion-builder-row-1 fusion-flex-container has-pattern-background has-mask-background nonhundred-percent-fullwidth non-hundred-percent-height-scrolling\" style=\"--awb-border-radius-top-left:0px;--awb-border-radius-top-right:0px;--awb-border-radius-bottom-right:0px;--awb-border-radius-bottom-left:0px;--awb-padding-bottom:25px;--awb-flex-wrap:wrap;\" ><div class=\"fusion-builder-row fusion-row fusion-flex-align-items-flex-start fusion-flex-content-wrap\" style=\"max-width:1216.8px;margin-left: calc(-4% \/ 2 );margin-right: calc(-4% \/ 2 );\"><div class=\"fusion-layout-column fusion_builder_column fusion-builder-column-0 fusion_builder_column_2_3 2_3 fusion-flex-column\" style=\"--awb-bg-size:cover;--awb-width-large:66.6666666667%;--awb-margin-top-large:0px;--awb-spacing-right-large:2.88%;--awb-margin-bottom-large:20px;--awb-spacing-left-large:2.88%;--awb-width-medium:100%;--awb-order-medium:0;--awb-spacing-right-medium:1.92%;--awb-spacing-left-medium:1.92%;--awb-width-small:100%;--awb-order-small:0;--awb-spacing-right-small:1.92%;--awb-spacing-left-small:1.92%;\"><div class=\"fusion-column-wrapper fusion-column-has-shadow fusion-flex-justify-content-flex-start fusion-content-layout-column\"><div class=\"fusion-title title fusion-title-1 fusion-title-text fusion-title-size-three\" style=\"--awb-text-color:var(--awb-color4);--awb-margin-top-small:0px;--awb-margin-bottom-small:20px;\"><div class=\"title-sep-container title-sep-container-left fusion-no-large-visibility fusion-no-medium-visibility fusion-no-small-visibility\"><div class=\"title-sep sep- sep-solid\" style=\"border-color:var(--awb-color3);\"><\/div><\/div><span class=\"awb-title-spacer fusion-no-large-visibility fusion-no-medium-visibility fusion-no-small-visibility\"><\/span><h3 class=\"fusion-title-heading title-heading-left fusion-responsive-typography-calculated\" style=\"margin:0;text-transform:capitalize;--fontSize:25;line-height:var(--awb-typography1-line-height);\"><h3>Starke Energie und nachhaltige Leistung<\/h3><\/h3><span class=\"awb-title-spacer\"><\/span><div class=\"title-sep-container title-sep-container-right\"><div class=\"title-sep sep- sep-solid\" style=\"border-color:var(--awb-color3);\"><\/div><\/div><\/div><div class=\"fusion-text fusion-text-1\" style=\"--awb-text-font-family:&quot;Kumbh Sans&quot;;--awb-text-font-style:normal;--awb-text-font-weight:300;\"><p>Kein Eigenheim gleicht dem anderen. Daher bieten wir Photovoltaik-L\u00f6sungen an die so individuell sind wie Ihre Anforderungen. Wir versichern Ihnen \u00fcberragende Leistungen und eine fachgerechte Installation Ihrer Anlage. Dabei ist Sorgfalt unser oberstes Gebot. Dar\u00fcber hinaus beraten wir Sie auch gerne \u00fcber unterschiedliche Finanzierungsmodelle.<\/p>\n<p>Nutzen Sie die Kraft der Sonne und setzen Sie sich ein Sonnenkraftwerk auf Ihr Dach. Denn diese Form der Stromerzeugung und des Umweltschutzes wird sogar staatlich gef\u00f6rdert. In vielen F\u00e4llen werden Sie mehr erwirtschaften, als Sie ausgeben.<\/p>\n<p>Wir bieten Ihnen eine fachgerechte und kompetente Beratung und passen unser Angebot auf Ihre Bed\u00fcrfnisse ab. F\u00fcr Fragen rund um das Thema PV-Anlagen stehen wir Ihnen jederzeit und gerne zur Verf\u00fcgung.<\/p>\n<\/div><div ><a class=\"fusion-button button-flat button-large button-default fusion-button-default button-1 fusion-button-default-span \" style=\"--button_text_transform:none;--button_typography-letter-spacing:0px;--button_margin-top:5%;\" target=\"_blank\" rel=\"noopener noreferrer\" data-hover=\"text_slide_down\" href=\"https:\/\/spack-webdesign.de\/rehl-klima\/kontakt\/\"><div class=\"awb-button-text-transition \"><span class=\"fusion-button-text awb-button__text awb-button__text--default\">Kontakt<\/span><span class=\"fusion-button-text awb-button__text awb-button__text--default\">Kontakt<\/span><\/div><i class=\"fa-angle-double-right fas awb-button__icon awb-button__icon--default button-icon-right\" aria-hidden=\"true\"><\/i><\/a><\/div><\/div><\/div><div class=\"fusion-layout-column fusion_builder_column fusion-builder-column-1 fusion_builder_column_1_3 1_3 fusion-flex-column\" style=\"--awb-bg-size:cover;--awb-width-large:33.3333333333%;--awb-margin-top-large:0px;--awb-spacing-right-large:5.76%;--awb-margin-bottom-large:20px;--awb-spacing-left-large:5.76%;--awb-width-medium:100%;--awb-order-medium:0;--awb-spacing-right-medium:1.92%;--awb-spacing-left-medium:1.92%;--awb-width-small:100%;--awb-order-small:0;--awb-spacing-right-small:1.92%;--awb-spacing-left-small:1.92%;\"><div class=\"fusion-column-wrapper fusion-column-has-shadow fusion-flex-justify-content-flex-start fusion-content-layout-column\"><div class=\"fusion-image-element \" style=\"text-align:center;--awb-max-width:250px;--awb-caption-title-font-family:var(--h2_typography-font-family);--awb-caption-title-font-weight:var(--h2_typography-font-weight);--awb-caption-title-font-style:var(--h2_typography-font-style);--awb-caption-title-size:var(--h2_typography-font-size);--awb-caption-title-transform:var(--h2_typography-text-transform);--awb-caption-title-line-height:var(--h2_typography-line-height);--awb-caption-title-letter-spacing:var(--h2_typography-letter-spacing);\"><span class=\" fusion-imageframe imageframe-none imageframe-1 hover-type-none\" style=\"border:4px solid hsla(var(--awb-color8-h),var(--awb-color8-s),calc( var(--awb-color8-l) + 96% ),var(--awb-color8-a));\"><a href=\"https:\/\/spack-webdesign.de\/rehl-klima\/wp-content\/uploads\/2026\/02\/urkunde-gold-installer.jpg\" class=\"fusion-lightbox\" data-rel=\"iLightbox[2f960255b92f9b720f5]\" data-caption=\"Screenshot\" data-title=\"Screenshot\" title=\"Screenshot\"><img decoding=\"async\" width=\"1310\" height=\"1806\" src=\"https:\/\/spack-webdesign.de\/rehl-klima\/wp-content\/uploads\/2026\/02\/urkunde-gold-installer.jpg\" alt class=\"img-responsive wp-image-7052\" srcset=\"https:\/\/spack-webdesign.de\/rehl-klima\/wp-content\/uploads\/2026\/02\/urkunde-gold-installer-200x276.jpg 200w, https:\/\/spack-webdesign.de\/rehl-klima\/wp-content\/uploads\/2026\/02\/urkunde-gold-installer-400x551.jpg 400w, https:\/\/spack-webdesign.de\/rehl-klima\/wp-content\/uploads\/2026\/02\/urkunde-gold-installer-600x827.jpg 600w, https:\/\/spack-webdesign.de\/rehl-klima\/wp-content\/uploads\/2026\/02\/urkunde-gold-installer-800x1103.jpg 800w, https:\/\/spack-webdesign.de\/rehl-klima\/wp-content\/uploads\/2026\/02\/urkunde-gold-installer-1200x1654.jpg 1200w, https:\/\/spack-webdesign.de\/rehl-klima\/wp-content\/uploads\/2026\/02\/urkunde-gold-installer.jpg 1310w\" sizes=\"(max-width: 1024px) 100vw, (max-width: 640px) 100vw, 400px\" \/><\/a><\/span><\/div><div class=\"fusion-image-element \" style=\"text-align:center;--awb-margin-top:20px;--awb-caption-title-font-family:var(--h2_typography-font-family);--awb-caption-title-font-weight:var(--h2_typography-font-weight);--awb-caption-title-font-style:var(--h2_typography-font-style);--awb-caption-title-size:var(--h2_typography-font-size);--awb-caption-title-transform:var(--h2_typography-text-transform);--awb-caption-title-line-height:var(--h2_typography-line-height);--awb-caption-title-letter-spacing:var(--h2_typography-letter-spacing);\"><span class=\" fusion-imageframe imageframe-none imageframe-2 hover-type-none\"><img decoding=\"async\" width=\"250\" height=\"339\" title=\"jung\" src=\"https:\/\/spack-webdesign.de\/rehl-klima\/wp-content\/uploads\/2025\/09\/jung.jpg\" alt class=\"img-responsive wp-image-6633\" srcset=\"https:\/\/spack-webdesign.de\/rehl-klima\/wp-content\/uploads\/2025\/09\/jung-200x271.jpg 200w, https:\/\/spack-webdesign.de\/rehl-klima\/wp-content\/uploads\/2025\/09\/jung.jpg 250w\" sizes=\"(max-width: 1024px) 100vw, (max-width: 640px) 100vw, 250px\" \/><\/span><\/div><\/div><\/div><\/div><\/div><div class=\"fusion-fullwidth fullwidth-box fusion-builder-row-2 fusion-flex-container has-pattern-background has-mask-background hundred-percent-fullwidth non-hundred-percent-height-scrolling\" style=\"--link_color: var(--awb-color4);--awb-border-radius-top-left:0px;--awb-border-radius-top-right:0px;--awb-border-radius-bottom-right:0px;--awb-border-radius-bottom-left:0px;--awb-padding-top:50px;--awb-padding-right:75px;--awb-padding-bottom:50px;--awb-padding-left:75px;--awb-margin-top:0px;--awb-background-color:var(--awb-color3);--awb-flex-wrap:wrap;\" ><div class=\"fusion-builder-row fusion-row fusion-flex-align-items-flex-start fusion-flex-content-wrap\" style=\"width:104% !important;max-width:104% !important;margin-left: calc(-4% \/ 2 );margin-right: calc(-4% \/ 2 );\"><div class=\"fusion-layout-column fusion_builder_column fusion-builder-column-2 fusion_builder_column_1_1 1_1 fusion-flex-column\" style=\"--awb-bg-size:cover;--awb-width-large:100%;--awb-margin-top-large:0px;--awb-spacing-right-large:1.92%;--awb-margin-bottom-large:50px;--awb-spacing-left-large:1.92%;--awb-width-medium:100%;--awb-order-medium:0;--awb-spacing-right-medium:1.92%;--awb-spacing-left-medium:1.92%;--awb-width-small:100%;--awb-order-small:0;--awb-spacing-right-small:1.92%;--awb-spacing-left-small:1.92%;\"><div class=\"fusion-column-wrapper fusion-column-has-shadow fusion-flex-justify-content-flex-start fusion-content-layout-column\"><div class=\"fusion-title title fusion-title-2 fusion-title-center fusion-title-text fusion-title-size-two\" style=\"--awb-text-color:var(--awb-color4);--awb-margin-top-small:0px;--awb-margin-bottom-small:20px;--awb-font-size:37px;\"><div class=\"title-sep-container title-sep-container-left\"><div class=\"title-sep sep- sep-solid\" style=\"border-color:var(--awb-color3);\"><\/div><\/div><span class=\"awb-title-spacer\"><\/span><h2 class=\"fusion-title-heading title-heading-center fusion-responsive-typography-calculated\" style=\"font-family:&quot;Rubik&quot;;font-style:normal;font-weight:600;margin:0;text-transform:none;font-size:1em;--fontSize:37;line-height:1.35;\">Individuelle PV-L\u00f6sungen f\u00fcr unterschiedliche Dachtypen<\/h2><span class=\"awb-title-spacer\"><\/span><div class=\"title-sep-container title-sep-container-right\"><div class=\"title-sep sep- sep-solid\" style=\"border-color:var(--awb-color3);\"><\/div><\/div><\/div><div class=\"fusion-text fusion-text-2\" style=\"--awb-content-alignment:center;--awb-text-color:var(--awb-color5);--awb-margin-top:-20px;\"><p style=\"text-align: center;\">Wir planen und montieren Solaranlagen auf Flach- und Steild\u00e4chern unter Ber\u00fccksichtigung von Statik, Ausrichtung und Nutzung.<\/p>\n<\/div><\/div><\/div><div class=\"fusion-layout-column fusion_builder_column fusion-builder-column-3 fusion-flex-column\" style=\"--awb-bg-size:cover;--awb-width-large:12%;--awb-margin-top-large:0px;--awb-spacing-right-large:16%;--awb-margin-bottom-large:20px;--awb-spacing-left-large:16%;--awb-width-medium:100%;--awb-order-medium:0;--awb-spacing-right-medium:1.92%;--awb-spacing-left-medium:1.92%;--awb-width-small:100%;--awb-order-small:0;--awb-spacing-right-small:1.92%;--awb-spacing-left-small:1.92%;\"><div class=\"fusion-column-wrapper fusion-column-has-shadow fusion-flex-justify-content-flex-start fusion-content-layout-column\"><\/div><\/div><div class=\"fusion-layout-column fusion_builder_column fusion-builder-column-4 fusion_builder_column_1_4 1_4 fusion-flex-column fusion-column-inner-bg-wrapper fusion-column-hover-type-liftup fusion-column-liftup-border fusion-animated\" style=\"--awb-padding-top:10%;--awb-padding-right:10%;--awb-padding-bottom:0%;--awb-padding-left:10%;--awb-overflow:hidden;--awb-inner-bg-color:var(--awb-color1);--awb-inner-bg-color-hover:var(--awb-color1);--awb-inner-bg-size:cover;--awb-border-radius:24px 24px 24px 24px;--awb-liftup-border-radius:24px 24px 24px 24px;--awb-width-large:25%;--awb-margin-top-large:0px;--awb-spacing-right-large:3.84%;--awb-margin-bottom-large:20px;--awb-spacing-left-large:3.84%;--awb-width-medium:100%;--awb-order-medium:0;--awb-spacing-right-medium:1.92%;--awb-spacing-left-medium:1.92%;--awb-width-small:100%;--awb-order-small:0;--awb-spacing-right-small:1.92%;--awb-spacing-left-small:1.92%;\" data-animationType=\"fadeInLeft\" data-animationDuration=\"0.8\" data-animationOffset=\"top-into-view\" data-scroll-devices=\"small-visibility,medium-visibility,large-visibility\"><span class=\"fusion-column-inner-bg hover-type-liftup\"><span class=\"fusion-column-anchor\"><span class=\"fusion-column-inner-bg-image\"><\/span><\/span><\/span><div class=\"fusion-column-wrapper fusion-flex-justify-content-flex-start fusion-content-layout-column\"><div class=\"fusion-image-element \" style=\"text-align:center;--awb-aspect-ratio: 100 \/ 51;--awb-caption-title-font-family:var(--h2_typography-font-family);--awb-caption-title-font-weight:var(--h2_typography-font-weight);--awb-caption-title-font-style:var(--h2_typography-font-style);--awb-caption-title-size:var(--h2_typography-font-size);--awb-caption-title-transform:var(--h2_typography-text-transform);--awb-caption-title-line-height:var(--h2_typography-line-height);--awb-caption-title-letter-spacing:var(--h2_typography-letter-spacing);\"><span class=\" fusion-imageframe imageframe-none imageframe-3 hover-type-none has-aspect-ratio\"><img decoding=\"async\" width=\"2560\" height=\"1829\" title=\"Solar panels on house roof. Photovoltaic, alternative electricity source. Sustainable resources. Energy crisis. 3D rendering.\" src=\"https:\/\/spack-webdesign.de\/rehl-klima\/wp-content\/uploads\/2026\/01\/ziegeldach-solar-scaled.jpg\" class=\"img-responsive wp-image-6775 img-with-aspect-ratio\" data-parent-fit=\"cover\" data-parent-container=\".fusion-image-element\" alt srcset=\"https:\/\/spack-webdesign.de\/rehl-klima\/wp-content\/uploads\/2026\/01\/ziegeldach-solar-200x143.jpg 200w, https:\/\/spack-webdesign.de\/rehl-klima\/wp-content\/uploads\/2026\/01\/ziegeldach-solar-400x286.jpg 400w, https:\/\/spack-webdesign.de\/rehl-klima\/wp-content\/uploads\/2026\/01\/ziegeldach-solar-600x429.jpg 600w, https:\/\/spack-webdesign.de\/rehl-klima\/wp-content\/uploads\/2026\/01\/ziegeldach-solar-800x572.jpg 800w, https:\/\/spack-webdesign.de\/rehl-klima\/wp-content\/uploads\/2026\/01\/ziegeldach-solar-1200x857.jpg 1200w, https:\/\/spack-webdesign.de\/rehl-klima\/wp-content\/uploads\/2026\/01\/ziegeldach-solar-scaled.jpg 2560w\" sizes=\"(max-width: 1024px) 100vw, (max-width: 640px) 100vw, 400px\" \/><\/span><\/div><div class=\"fusion-title title fusion-title-3 fusion-title-center fusion-title-text fusion-title-size-three\" style=\"--awb-text-color:var(--awb-color5);--awb-margin-top:25px;--awb-margin-bottom:25px;--awb-margin-top-small:0px;--awb-margin-bottom-small:20px;\"><div class=\"title-sep-container title-sep-container-left\"><div class=\"title-sep sep- sep-solid\" style=\"border-color:var(--awb-color3);\"><\/div><\/div><span class=\"awb-title-spacer\"><\/span><h3 class=\"fusion-title-heading title-heading-center fusion-responsive-typography-calculated\" style=\"margin:0;text-transform:none;--fontSize:25;line-height:var(--awb-typography1-line-height);\"><span style=\"font-family: Kumbh Sans;\"><b>Ziegeld\u00e4cher<\/b><\/span><\/h3><span class=\"awb-title-spacer\"><\/span><div class=\"title-sep-container title-sep-container-right\"><div class=\"title-sep sep- sep-solid\" style=\"border-color:var(--awb-color3);\"><\/div><\/div><\/div><\/div><\/div><div class=\"fusion-layout-column fusion_builder_column fusion-builder-column-5 fusion_builder_column_1_4 1_4 fusion-flex-column fusion-column-inner-bg-wrapper fusion-column-hover-type-liftup fusion-column-liftup-border fusion-animated\" style=\"--awb-padding-top:10%;--awb-padding-right:10%;--awb-padding-bottom:0%;--awb-padding-left:10%;--awb-overflow:hidden;--awb-inner-bg-color:var(--awb-color1);--awb-inner-bg-color-hover:var(--awb-color1);--awb-inner-bg-size:cover;--awb-border-radius:24px 24px 24px 24px;--awb-liftup-border-radius:24px 24px 24px 24px;--awb-width-large:25%;--awb-margin-top-large:0px;--awb-spacing-right-large:3.84%;--awb-margin-bottom-large:20px;--awb-spacing-left-large:3.84%;--awb-width-medium:100%;--awb-order-medium:0;--awb-spacing-right-medium:1.92%;--awb-spacing-left-medium:1.92%;--awb-width-small:100%;--awb-order-small:0;--awb-spacing-right-small:1.92%;--awb-spacing-left-small:1.92%;\" data-animationType=\"fadeInLeft\" data-animationDuration=\"0.8\" data-animationDelay=\"0.5\" data-animationOffset=\"top-into-view\" data-scroll-devices=\"small-visibility,medium-visibility,large-visibility\"><span class=\"fusion-column-inner-bg hover-type-liftup\"><span class=\"fusion-column-anchor\"><span class=\"fusion-column-inner-bg-image\"><\/span><\/span><\/span><div class=\"fusion-column-wrapper fusion-flex-justify-content-flex-start fusion-content-layout-column\"><div class=\"fusion-image-element \" style=\"text-align:center;--awb-aspect-ratio: 100 \/ 50;--awb-caption-title-font-family:var(--h2_typography-font-family);--awb-caption-title-font-weight:var(--h2_typography-font-weight);--awb-caption-title-font-style:var(--h2_typography-font-style);--awb-caption-title-size:var(--h2_typography-font-size);--awb-caption-title-transform:var(--h2_typography-text-transform);--awb-caption-title-line-height:var(--h2_typography-line-height);--awb-caption-title-letter-spacing:var(--h2_typography-letter-spacing);\"><span class=\" fusion-imageframe imageframe-none imageframe-4 hover-type-none has-aspect-ratio\"><img decoding=\"async\" width=\"2560\" height=\"1706\" title=\"Installation of solar panels on a flat roof, in the center of Copenhagen.\" src=\"https:\/\/spack-webdesign.de\/rehl-klima\/wp-content\/uploads\/2026\/01\/flachdach-solar-scaled.jpg\" class=\"img-responsive wp-image-6774 img-with-aspect-ratio\" data-parent-fit=\"cover\" data-parent-container=\".fusion-image-element\" alt srcset=\"https:\/\/spack-webdesign.de\/rehl-klima\/wp-content\/uploads\/2026\/01\/flachdach-solar-200x133.jpg 200w, https:\/\/spack-webdesign.de\/rehl-klima\/wp-content\/uploads\/2026\/01\/flachdach-solar-400x267.jpg 400w, https:\/\/spack-webdesign.de\/rehl-klima\/wp-content\/uploads\/2026\/01\/flachdach-solar-600x400.jpg 600w, https:\/\/spack-webdesign.de\/rehl-klima\/wp-content\/uploads\/2026\/01\/flachdach-solar-800x533.jpg 800w, https:\/\/spack-webdesign.de\/rehl-klima\/wp-content\/uploads\/2026\/01\/flachdach-solar-1200x800.jpg 1200w, https:\/\/spack-webdesign.de\/rehl-klima\/wp-content\/uploads\/2026\/01\/flachdach-solar-scaled.jpg 2560w\" sizes=\"(max-width: 1024px) 100vw, (max-width: 640px) 100vw, 400px\" \/><\/span><\/div><div class=\"fusion-title title fusion-title-4 fusion-title-center fusion-title-text fusion-title-size-three\" style=\"--awb-text-color:var(--awb-color5);--awb-margin-top:25px;--awb-margin-bottom:25px;--awb-margin-top-small:0px;--awb-margin-bottom-small:20px;\"><div class=\"title-sep-container title-sep-container-left\"><div class=\"title-sep sep- sep-solid\" style=\"border-color:var(--awb-color3);\"><\/div><\/div><span class=\"awb-title-spacer\"><\/span><h3 class=\"fusion-title-heading title-heading-center fusion-responsive-typography-calculated\" style=\"font-family:&quot;Kumbh Sans&quot;;font-style:normal;font-weight:700;margin:0;text-transform:none;--fontSize:25;line-height:var(--awb-typography1-line-height);\">Flachd\u00e4cher<\/h3><span class=\"awb-title-spacer\"><\/span><div class=\"title-sep-container title-sep-container-right\"><div class=\"title-sep sep- sep-solid\" style=\"border-color:var(--awb-color3);\"><\/div><\/div><\/div><\/div><\/div><div class=\"fusion-layout-column fusion_builder_column fusion-builder-column-6 fusion_builder_column_1_4 1_4 fusion-flex-column fusion-column-inner-bg-wrapper fusion-column-hover-type-liftup fusion-column-liftup-border fusion-animated\" style=\"--awb-padding-top:10%;--awb-padding-right:10%;--awb-padding-bottom:0%;--awb-padding-left:10%;--awb-overflow:hidden;--awb-inner-bg-color:var(--awb-color1);--awb-inner-bg-color-hover:var(--awb-color1);--awb-inner-bg-size:cover;--awb-border-radius:24px 24px 24px 24px;--awb-liftup-border-radius:24px 24px 24px 24px;--awb-width-large:25%;--awb-margin-top-large:0px;--awb-spacing-right-large:3.84%;--awb-margin-bottom-large:20px;--awb-spacing-left-large:3.84%;--awb-width-medium:100%;--awb-order-medium:0;--awb-spacing-right-medium:1.92%;--awb-spacing-left-medium:1.92%;--awb-width-small:100%;--awb-order-small:0;--awb-spacing-right-small:1.92%;--awb-spacing-left-small:1.92%;\" data-animationType=\"fadeInLeft\" data-animationDuration=\"0.8\" data-animationDelay=\"1.0\" data-animationOffset=\"top-into-view\" data-scroll-devices=\"small-visibility,medium-visibility,large-visibility\"><span class=\"fusion-column-inner-bg hover-type-liftup\"><span class=\"fusion-column-anchor\"><span class=\"fusion-column-inner-bg-image\"><\/span><\/span><\/span><div class=\"fusion-column-wrapper fusion-flex-justify-content-flex-start fusion-content-layout-column\"><div class=\"fusion-image-element \" style=\"text-align:center;--awb-aspect-ratio: 100 \/ 50;--awb-caption-title-font-family:var(--h2_typography-font-family);--awb-caption-title-font-weight:var(--h2_typography-font-weight);--awb-caption-title-font-style:var(--h2_typography-font-style);--awb-caption-title-size:var(--h2_typography-font-size);--awb-caption-title-transform:var(--h2_typography-text-transform);--awb-caption-title-line-height:var(--h2_typography-line-height);--awb-caption-title-letter-spacing:var(--h2_typography-letter-spacing);\"><span class=\" fusion-imageframe imageframe-none imageframe-5 hover-type-none has-aspect-ratio\"><img decoding=\"async\" width=\"2560\" height=\"1440\" title=\"Solar panels on metal roof\" src=\"https:\/\/spack-webdesign.de\/rehl-klima\/wp-content\/uploads\/2026\/01\/trapezblechdach-solar-scaled.jpg\" class=\"img-responsive wp-image-6773 img-with-aspect-ratio\" data-parent-fit=\"cover\" data-parent-container=\".fusion-image-element\" alt srcset=\"https:\/\/spack-webdesign.de\/rehl-klima\/wp-content\/uploads\/2026\/01\/trapezblechdach-solar-200x112.jpg 200w, https:\/\/spack-webdesign.de\/rehl-klima\/wp-content\/uploads\/2026\/01\/trapezblechdach-solar-400x225.jpg 400w, https:\/\/spack-webdesign.de\/rehl-klima\/wp-content\/uploads\/2026\/01\/trapezblechdach-solar-600x337.jpg 600w, https:\/\/spack-webdesign.de\/rehl-klima\/wp-content\/uploads\/2026\/01\/trapezblechdach-solar-800x450.jpg 800w, https:\/\/spack-webdesign.de\/rehl-klima\/wp-content\/uploads\/2026\/01\/trapezblechdach-solar-1200x675.jpg 1200w, https:\/\/spack-webdesign.de\/rehl-klima\/wp-content\/uploads\/2026\/01\/trapezblechdach-solar-scaled.jpg 2560w\" sizes=\"(max-width: 1024px) 100vw, (max-width: 640px) 100vw, 400px\" \/><\/span><\/div><div class=\"fusion-title title fusion-title-5 fusion-title-center fusion-title-text fusion-title-size-three\" style=\"--awb-text-color:var(--awb-color5);--awb-margin-top:25px;--awb-margin-bottom:25px;--awb-margin-top-small:0px;--awb-margin-bottom-small:20px;\"><div class=\"title-sep-container title-sep-container-left\"><div class=\"title-sep sep- sep-solid\" style=\"border-color:var(--awb-color3);\"><\/div><\/div><span class=\"awb-title-spacer\"><\/span><h3 class=\"fusion-title-heading title-heading-center fusion-responsive-typography-calculated\" style=\"font-family:&quot;Kumbh Sans&quot;;font-style:normal;font-weight:700;margin:0;text-transform:none;--fontSize:25;line-height:var(--awb-typography1-line-height);\">Trapezblechd\u00e4cher<\/h3><span class=\"awb-title-spacer\"><\/span><div class=\"title-sep-container title-sep-container-right\"><div class=\"title-sep sep- sep-solid\" style=\"border-color:var(--awb-color3);\"><\/div><\/div><\/div><\/div><\/div><div class=\"fusion-layout-column fusion_builder_column fusion-builder-column-7 fusion-flex-column\" style=\"--awb-bg-size:cover;--awb-width-large:12%;--awb-margin-top-large:0px;--awb-spacing-right-large:16%;--awb-margin-bottom-large:20px;--awb-spacing-left-large:16%;--awb-width-medium:100%;--awb-order-medium:0;--awb-spacing-right-medium:1.92%;--awb-spacing-left-medium:1.92%;--awb-width-small:100%;--awb-order-small:0;--awb-spacing-right-small:1.92%;--awb-spacing-left-small:1.92%;\"><div class=\"fusion-column-wrapper fusion-column-has-shadow fusion-flex-justify-content-flex-start fusion-content-layout-column\"><\/div><\/div><div class=\"fusion-layout-column fusion_builder_column fusion-builder-column-8 fusion-flex-column\" style=\"--awb-bg-size:cover;--awb-width-large:12%;--awb-margin-top-large:0px;--awb-spacing-right-large:16%;--awb-margin-bottom-large:20px;--awb-spacing-left-large:16%;--awb-width-medium:100%;--awb-order-medium:0;--awb-spacing-right-medium:1.92%;--awb-spacing-left-medium:1.92%;--awb-width-small:100%;--awb-order-small:0;--awb-spacing-right-small:1.92%;--awb-spacing-left-small:1.92%;\"><div class=\"fusion-column-wrapper fusion-column-has-shadow fusion-flex-justify-content-flex-start fusion-content-layout-column\"><\/div><\/div><div class=\"fusion-layout-column fusion_builder_column fusion-builder-column-9 fusion_builder_column_1_4 1_4 fusion-flex-column fusion-column-inner-bg-wrapper fusion-column-hover-type-liftup fusion-column-liftup-border fusion-animated\" style=\"--awb-padding-top:10%;--awb-padding-right:10%;--awb-padding-bottom:0%;--awb-padding-left:10%;--awb-overflow:hidden;--awb-inner-bg-color:var(--awb-color1);--awb-inner-bg-color-hover:var(--awb-color1);--awb-inner-bg-size:cover;--awb-border-radius:24px 24px 24px 24px;--awb-liftup-border-radius:24px 24px 24px 24px;--awb-width-large:25%;--awb-margin-top-large:0px;--awb-spacing-right-large:3.84%;--awb-margin-bottom-large:20px;--awb-spacing-left-large:3.84%;--awb-width-medium:100%;--awb-order-medium:0;--awb-spacing-right-medium:1.92%;--awb-spacing-left-medium:1.92%;--awb-width-small:100%;--awb-order-small:0;--awb-spacing-right-small:1.92%;--awb-spacing-left-small:1.92%;\" data-animationType=\"fadeInLeft\" data-animationDuration=\"0.8\" data-animationDelay=\"1.5\" data-animationOffset=\"top-into-view\" data-scroll-devices=\"small-visibility,medium-visibility,large-visibility\"><span class=\"fusion-column-inner-bg hover-type-liftup\"><span class=\"fusion-column-anchor\"><span class=\"fusion-column-inner-bg-image\"><\/span><\/span><\/span><div class=\"fusion-column-wrapper fusion-flex-justify-content-flex-start fusion-content-layout-column\"><div class=\"fusion-image-element \" style=\"text-align:center;--awb-aspect-ratio: 100 \/ 50;--awb-caption-title-font-family:var(--h2_typography-font-family);--awb-caption-title-font-weight:var(--h2_typography-font-weight);--awb-caption-title-font-style:var(--h2_typography-font-style);--awb-caption-title-size:var(--h2_typography-font-size);--awb-caption-title-transform:var(--h2_typography-text-transform);--awb-caption-title-line-height:var(--h2_typography-line-height);--awb-caption-title-letter-spacing:var(--h2_typography-letter-spacing);\"><span class=\" fusion-imageframe imageframe-none imageframe-6 hover-type-none has-aspect-ratio\"><img decoding=\"async\" width=\"2560\" height=\"1707\" title=\"default\" src=\"https:\/\/spack-webdesign.de\/rehl-klima\/wp-content\/uploads\/2026\/02\/DJI_0174-scaled.jpg\" class=\"img-responsive wp-image-7119 img-with-aspect-ratio\" data-parent-fit=\"cover\" data-parent-container=\".fusion-image-element\" alt srcset=\"https:\/\/spack-webdesign.de\/rehl-klima\/wp-content\/uploads\/2026\/02\/DJI_0174-200x133.jpg 200w, https:\/\/spack-webdesign.de\/rehl-klima\/wp-content\/uploads\/2026\/02\/DJI_0174-400x267.jpg 400w, https:\/\/spack-webdesign.de\/rehl-klima\/wp-content\/uploads\/2026\/02\/DJI_0174-600x400.jpg 600w, https:\/\/spack-webdesign.de\/rehl-klima\/wp-content\/uploads\/2026\/02\/DJI_0174-800x533.jpg 800w, https:\/\/spack-webdesign.de\/rehl-klima\/wp-content\/uploads\/2026\/02\/DJI_0174-1200x800.jpg 1200w, https:\/\/spack-webdesign.de\/rehl-klima\/wp-content\/uploads\/2026\/02\/DJI_0174-scaled.jpg 2560w\" sizes=\"(max-width: 1024px) 100vw, (max-width: 640px) 100vw, 400px\" \/><\/span><\/div><div class=\"fusion-title title fusion-title-6 fusion-title-center fusion-title-text fusion-title-size-three\" style=\"--awb-text-color:var(--awb-color5);--awb-margin-top:25px;--awb-margin-bottom:25px;--awb-margin-top-small:0px;--awb-margin-bottom-small:20px;\"><div class=\"title-sep-container title-sep-container-left\"><div class=\"title-sep sep- sep-solid\" style=\"border-color:var(--awb-color3);\"><\/div><\/div><span class=\"awb-title-spacer\"><\/span><h3 class=\"fusion-title-heading title-heading-center fusion-responsive-typography-calculated\" style=\"font-family:&quot;Kumbh Sans&quot;;font-style:normal;font-weight:700;margin:0;text-transform:none;--fontSize:25;line-height:var(--awb-typography1-line-height);\">Dachintigrierte PV-Anlagen<\/h3><span class=\"awb-title-spacer\"><\/span><div class=\"title-sep-container title-sep-container-right\"><div class=\"title-sep sep- sep-solid\" style=\"border-color:var(--awb-color3);\"><\/div><\/div><\/div><\/div><\/div><div class=\"fusion-layout-column fusion_builder_column fusion-builder-column-10 fusion_builder_column_1_4 1_4 fusion-flex-column fusion-column-inner-bg-wrapper fusion-column-hover-type-liftup fusion-column-liftup-border fusion-animated\" style=\"--awb-padding-top:10%;--awb-padding-right:10%;--awb-padding-bottom:0%;--awb-padding-left:10%;--awb-overflow:hidden;--awb-inner-bg-color:var(--awb-color1);--awb-inner-bg-color-hover:var(--awb-color1);--awb-inner-bg-size:cover;--awb-border-radius:24px 24px 24px 24px;--awb-liftup-border-radius:24px 24px 24px 24px;--awb-width-large:25%;--awb-margin-top-large:0px;--awb-spacing-right-large:3.84%;--awb-margin-bottom-large:20px;--awb-spacing-left-large:3.84%;--awb-width-medium:100%;--awb-order-medium:0;--awb-spacing-right-medium:1.92%;--awb-spacing-left-medium:1.92%;--awb-width-small:100%;--awb-order-small:0;--awb-spacing-right-small:1.92%;--awb-spacing-left-small:1.92%;\" data-animationType=\"fadeInLeft\" data-animationDuration=\"0.8\" data-animationOffset=\"top-into-view\" data-scroll-devices=\"small-visibility,medium-visibility,large-visibility\"><span class=\"fusion-column-inner-bg hover-type-liftup\"><span class=\"fusion-column-anchor\"><span class=\"fusion-column-inner-bg-image\"><\/span><\/span><\/span><div class=\"fusion-column-wrapper fusion-flex-justify-content-flex-start fusion-content-layout-column\"><div class=\"fusion-image-element \" style=\"text-align:center;--awb-aspect-ratio: 100 \/ 50;--awb-caption-title-font-family:var(--h2_typography-font-family);--awb-caption-title-font-weight:var(--h2_typography-font-weight);--awb-caption-title-font-style:var(--h2_typography-font-style);--awb-caption-title-size:var(--h2_typography-font-size);--awb-caption-title-transform:var(--h2_typography-text-transform);--awb-caption-title-line-height:var(--h2_typography-line-height);--awb-caption-title-letter-spacing:var(--h2_typography-letter-spacing);\"><span class=\" fusion-imageframe imageframe-none imageframe-7 hover-type-none has-aspect-ratio\"><img decoding=\"async\" width=\"1024\" height=\"1536\" title=\"terrassendach-solar\" src=\"https:\/\/spack-webdesign.de\/rehl-klima\/wp-content\/uploads\/2026\/01\/terrassendach-solar.png\" class=\"img-responsive wp-image-6776 img-with-aspect-ratio\" data-parent-fit=\"cover\" data-parent-container=\".fusion-image-element\" alt srcset=\"https:\/\/spack-webdesign.de\/rehl-klima\/wp-content\/uploads\/2026\/01\/terrassendach-solar-200x300.png 200w, https:\/\/spack-webdesign.de\/rehl-klima\/wp-content\/uploads\/2026\/01\/terrassendach-solar-400x600.png 400w, https:\/\/spack-webdesign.de\/rehl-klima\/wp-content\/uploads\/2026\/01\/terrassendach-solar-600x900.png 600w, https:\/\/spack-webdesign.de\/rehl-klima\/wp-content\/uploads\/2026\/01\/terrassendach-solar-800x1200.png 800w, https:\/\/spack-webdesign.de\/rehl-klima\/wp-content\/uploads\/2026\/01\/terrassendach-solar.png 1024w\" sizes=\"(max-width: 1024px) 100vw, (max-width: 640px) 100vw, 400px\" \/><\/span><\/div><div class=\"fusion-title title fusion-title-7 fusion-title-center fusion-title-text fusion-title-size-three\" style=\"--awb-text-color:var(--awb-color5);--awb-margin-top:25px;--awb-margin-bottom:25px;--awb-margin-top-small:0px;--awb-margin-bottom-small:20px;\"><div class=\"title-sep-container title-sep-container-left\"><div class=\"title-sep sep- sep-solid\" style=\"border-color:var(--awb-color3);\"><\/div><\/div><span class=\"awb-title-spacer\"><\/span><h3 class=\"fusion-title-heading title-heading-center fusion-responsive-typography-calculated\" style=\"font-family:&quot;Kumbh Sans&quot;;font-style:normal;font-weight:700;margin:0;text-transform:none;--fontSize:25;line-height:var(--awb-typography1-line-height);\">Terrassend\u00e4cher<\/h3><span class=\"awb-title-spacer\"><\/span><div class=\"title-sep-container title-sep-container-right\"><div class=\"title-sep sep- sep-solid\" style=\"border-color:var(--awb-color3);\"><\/div><\/div><\/div><\/div><\/div><div class=\"fusion-layout-column fusion_builder_column fusion-builder-column-11 fusion_builder_column_1_4 1_4 fusion-flex-column fusion-column-inner-bg-wrapper fusion-column-hover-type-liftup fusion-column-liftup-border fusion-animated\" style=\"--awb-padding-top:10%;--awb-padding-right:10%;--awb-padding-bottom:0%;--awb-padding-left:10%;--awb-overflow:hidden;--awb-inner-bg-color:var(--awb-color1);--awb-inner-bg-color-hover:var(--awb-color1);--awb-inner-bg-size:cover;--awb-border-radius:24px 24px 24px 24px;--awb-liftup-border-radius:24px 24px 24px 24px;--awb-width-large:25%;--awb-margin-top-large:0px;--awb-spacing-right-large:3.84%;--awb-margin-bottom-large:20px;--awb-spacing-left-large:3.84%;--awb-width-medium:100%;--awb-order-medium:0;--awb-spacing-right-medium:1.92%;--awb-spacing-left-medium:1.92%;--awb-width-small:100%;--awb-order-small:0;--awb-spacing-right-small:1.92%;--awb-spacing-left-small:1.92%;\" data-animationType=\"fadeInLeft\" data-animationDuration=\"0.8\" data-animationDelay=\"0.5\" data-animationOffset=\"top-into-view\" data-scroll-devices=\"small-visibility,medium-visibility,large-visibility\"><span class=\"fusion-column-inner-bg hover-type-liftup\"><span class=\"fusion-column-anchor\"><span class=\"fusion-column-inner-bg-image\"><\/span><\/span><\/span><div class=\"fusion-column-wrapper fusion-flex-justify-content-flex-start fusion-content-layout-column\"><div class=\"fusion-image-element \" style=\"text-align:center;--awb-aspect-ratio: 100 \/ 50;--awb-caption-title-font-family:var(--h2_typography-font-family);--awb-caption-title-font-weight:var(--h2_typography-font-weight);--awb-caption-title-font-style:var(--h2_typography-font-style);--awb-caption-title-size:var(--h2_typography-font-size);--awb-caption-title-transform:var(--h2_typography-text-transform);--awb-caption-title-line-height:var(--h2_typography-line-height);--awb-caption-title-letter-spacing:var(--h2_typography-letter-spacing);\"><span class=\" fusion-imageframe imageframe-none imageframe-8 hover-type-none has-aspect-ratio\"><img decoding=\"async\" width=\"2560\" height=\"1706\" title=\"Aerial view of blue photovoltaic solar panels mounted on industrial building roof for producing green ecological electricity. Production of sustainable energy concept\" src=\"https:\/\/spack-webdesign.de\/rehl-klima\/wp-content\/uploads\/2026\/01\/industriedach-solar-scaled.jpg\" class=\"img-responsive wp-image-6771 img-with-aspect-ratio\" data-parent-fit=\"cover\" data-parent-container=\".fusion-image-element\" alt srcset=\"https:\/\/spack-webdesign.de\/rehl-klima\/wp-content\/uploads\/2026\/01\/industriedach-solar-200x133.jpg 200w, https:\/\/spack-webdesign.de\/rehl-klima\/wp-content\/uploads\/2026\/01\/industriedach-solar-400x267.jpg 400w, https:\/\/spack-webdesign.de\/rehl-klima\/wp-content\/uploads\/2026\/01\/industriedach-solar-600x400.jpg 600w, https:\/\/spack-webdesign.de\/rehl-klima\/wp-content\/uploads\/2026\/01\/industriedach-solar-800x533.jpg 800w, https:\/\/spack-webdesign.de\/rehl-klima\/wp-content\/uploads\/2026\/01\/industriedach-solar-1200x800.jpg 1200w, https:\/\/spack-webdesign.de\/rehl-klima\/wp-content\/uploads\/2026\/01\/industriedach-solar-scaled.jpg 2560w\" sizes=\"(max-width: 1024px) 100vw, (max-width: 640px) 100vw, 400px\" \/><\/span><\/div><div class=\"fusion-title title fusion-title-8 fusion-title-center fusion-title-text fusion-title-size-three\" style=\"--awb-text-color:var(--awb-color5);--awb-margin-top:25px;--awb-margin-bottom:25px;--awb-margin-top-small:0px;--awb-margin-bottom-small:20px;\"><div class=\"title-sep-container title-sep-container-left\"><div class=\"title-sep sep- sep-solid\" style=\"border-color:var(--awb-color3);\"><\/div><\/div><span class=\"awb-title-spacer\"><\/span><h3 class=\"fusion-title-heading title-heading-center fusion-responsive-typography-calculated\" style=\"font-family:&quot;Kumbh Sans&quot;;font-style:normal;font-weight:700;margin:0;text-transform:none;--fontSize:25;line-height:var(--awb-typography1-line-height);\">Industried\u00e4cher<\/h3><span class=\"awb-title-spacer\"><\/span><div class=\"title-sep-container title-sep-container-right\"><div class=\"title-sep sep- sep-solid\" style=\"border-color:var(--awb-color3);\"><\/div><\/div><\/div><\/div><\/div><\/div><\/div><div class=\"fusion-bg-parallax\" data-bg-align=\"center center\" data-direction=\"up\" data-mute=\"false\" data-opacity=\"100\" data-velocity=\"-0.4\" data-mobile-enabled=\"false\" data-break_parents=\"0\" data-bg-image=\"https:\/\/spack-webdesign.de\/rehl-klima\/wp-content\/uploads\/2025\/09\/slide11.jpg\" data-bg-repeat=\"false\" data-bg-color=\"rgba(81,81,81,0.6)\" data-blend-mode=\"multiply\" ><\/div><div class=\"fusion-fullwidth fullwidth-box fusion-builder-row-3 fusion-flex-container has-pattern-background has-mask-background fusion-parallax-up nonhundred-percent-fullwidth non-hundred-percent-height-scrolling fusion-no-small-visibility fusion-no-medium-visibility fusion-animated\" style=\"--awb-background-blend-mode:multiply;--awb-border-sizes-top:0px;--awb-border-sizes-bottom:0px;--awb-border-sizes-left:0px;--awb-border-sizes-right:0px;--awb-border-radius-top-left:0px;--awb-border-radius-top-right:0px;--awb-border-radius-bottom-right:0px;--awb-border-radius-bottom-left:0px;--awb-padding-top:80px;--awb-padding-bottom:60px;--awb-padding-top-medium:110px;--awb-padding-bottom-medium:110px;--awb-padding-top-small:90px;--awb-padding-bottom-small:90px;--awb-margin-bottom:0px;--awb-margin-bottom-medium:80px;--awb-margin-bottom-small:60px;--awb-background-color:rgba(81,81,81,0.6);--awb-background-image:url(&quot;https:\/\/spack-webdesign.de\/rehl-klima\/wp-content\/uploads\/2025\/09\/slide11.jpg&quot;);--awb-background-size:cover;--awb-flex-wrap:wrap;\" data-animationType=\"fadeIn\" data-animationDuration=\"1.3\" data-animationOffset=\"top-into-view\" ><div class=\"fusion-builder-row fusion-row fusion-flex-align-items-flex-start fusion-flex-content-wrap\" style=\"max-width:calc( 1170px + 0px );margin-left: calc(-0px \/ 2 );margin-right: calc(-0px \/ 2 );\"><div class=\"fusion-layout-column fusion_builder_column fusion-builder-column-12 fusion_builder_column_1_1 1_1 fusion-flex-column fusion-animated\" style=\"--awb-bg-color:rgba(255,255,255,0);--awb-bg-color-hover:rgba(255,255,255,0);--awb-bg-blend:overlay;--awb-bg-size:cover;--awb-border-color:var(--awb-color1);--awb-border-style:solid;--awb-width-large:100%;--awb-margin-top-large:0px;--awb-spacing-right-large:0px;--awb-margin-bottom-large:0px;--awb-spacing-left-large:0px;--awb-width-medium:100%;--awb-spacing-right-medium:0px;--awb-spacing-left-medium:0px;--awb-width-small:100%;--awb-spacing-right-small:0px;--awb-spacing-left-small:0px;\" data-animationType=\"fadeInUp\" data-animationDuration=\"0.8\" data-animationOffset=\"top-into-view\"><div class=\"fusion-column-wrapper fusion-flex-justify-content-flex-start fusion-content-layout-column\"><div class=\"fusion-separator fusion-full-width-sep\" style=\"align-self: center;margin-left: auto;margin-right: auto;margin-top:10px;width:100%;\"><\/div><div class=\"fusion-title title fusion-title-9 fusion-title-center fusion-title-text fusion-title-size-two\" style=\"--awb-text-color:var(--awb-color1);--awb-margin-bottom:20px;--awb-margin-top-small:0px;--awb-margin-bottom-small:20px;--awb-font-size:55px;\"><div class=\"title-sep-container title-sep-container-left\"><div class=\"title-sep sep- sep-solid\" style=\"border-color:var(--awb-color3);\"><\/div><\/div><span class=\"awb-title-spacer\"><\/span><h2 class=\"fusion-title-heading title-heading-center fusion-responsive-typography-calculated\" style=\"margin:0;text-transform:none;font-size:1em;--fontSize:55;line-height:var(--awb-typography1-line-height);\"><p style=\"text-align: center;\">Ist Ihr Dach f\u00fcr eine PV-Anlage geeignet?<\/p><\/h2><span class=\"awb-title-spacer\"><\/span><div class=\"title-sep-container title-sep-container-right\"><div class=\"title-sep sep- sep-solid\" style=\"border-color:var(--awb-color3);\"><\/div><\/div><\/div><div class=\"fusion-title title fusion-title-10 fusion-title-center fusion-title-text fusion-title-size-three\" style=\"--awb-text-color:var(--awb-color1);--awb-margin-top-small:0px;--awb-margin-bottom-small:20px;\"><div class=\"title-sep-container title-sep-container-left\"><div class=\"title-sep sep- sep-solid\" style=\"border-color:var(--awb-color3);\"><\/div><\/div><span class=\"awb-title-spacer\"><\/span><h3 class=\"fusion-title-heading title-heading-center fusion-responsive-typography-calculated\" style=\"margin:0;text-transform:capitalize;--fontSize:25;line-height:var(--awb-typography1-line-height);\">Kontaktieren Sie uns \u2013 wir beraten Sie zu allen Dachmontagem\u00f6glichkeiten.<\/h3><span class=\"awb-title-spacer\"><\/span><div class=\"title-sep-container title-sep-container-right\"><div class=\"title-sep sep- sep-solid\" style=\"border-color:var(--awb-color3);\"><\/div><\/div><\/div><div style=\"text-align:center;\"><a class=\"fusion-button button-flat fusion-button-default-size button-custom fusion-button-default button-2 fusion-button-default-span fusion-button-default-type awb-b-icon-pos-right\" style=\"--button_accent_color:var(--awb-color5);--button_border_color:var(--awb-color5);--button_accent_hover_color:var(--awb-color1);--button_border_hover_color:var(--awb-color1);--button_gradient_top_color:var(--awb-color1);--button_gradient_bottom_color:var(--awb-color1);--button_gradient_top_color_hover:var(--awb-color5);--button_gradient_bottom_color_hover:var(--awb-color5);\" target=\"_self\" data-hover=\"icon_position\" href=\"#\"><span class=\"fusion-button-text awb-button__text awb-button__text--default\">kontaktieren<\/span><i class=\"fa-angle-right fas awb-button__icon awb-button__icon--default button-icon-right\" aria-hidden=\"true\"><\/i><i class=\"fa-angle-right fas awb-button__icon awb-button__icon--default button-icon-right\" aria-hidden=\"true\"><\/i><\/a><\/div><\/div><\/div><\/div><\/div><div class=\"fusion-fullwidth fullwidth-box fusion-builder-row-4 fusion-flex-container has-pattern-background has-mask-background nonhundred-percent-fullwidth non-hundred-percent-height-scrolling\" style=\"--awb-border-radius-top-left:0px;--awb-border-radius-top-right:0px;--awb-border-radius-bottom-right:0px;--awb-border-radius-bottom-left:0px;--awb-margin-top:40px;--awb-flex-wrap:wrap;\" ><div class=\"fusion-builder-row fusion-row fusion-flex-align-items-flex-start fusion-flex-content-wrap\" style=\"max-width:1216.8px;margin-left: calc(-4% \/ 2 );margin-right: calc(-4% \/ 2 );\"><div class=\"fusion-layout-column fusion_builder_column fusion-builder-column-13 fusion_builder_column_1_2 1_2 fusion-flex-column\" style=\"--awb-bg-size:cover;--awb-width-large:50%;--awb-margin-top-large:0px;--awb-spacing-right-large:3.84%;--awb-margin-bottom-large:20px;--awb-spacing-left-large:3.84%;--awb-width-medium:100%;--awb-order-medium:0;--awb-spacing-right-medium:1.92%;--awb-spacing-left-medium:1.92%;--awb-width-small:100%;--awb-order-small:0;--awb-spacing-right-small:1.92%;--awb-spacing-left-small:1.92%;\"><div class=\"fusion-column-wrapper fusion-column-has-shadow fusion-flex-justify-content-flex-start fusion-content-layout-column\"><div class=\"fusion-title title fusion-title-11 fusion-title-center fusion-title-text fusion-title-size-three\" style=\"--awb-text-color:var(--awb-color4);--awb-margin-top-small:0px;--awb-margin-bottom-small:20px;\"><div class=\"title-sep-container title-sep-container-left\"><div class=\"title-sep sep- sep-solid\" style=\"border-color:var(--awb-color3);\"><\/div><\/div><span class=\"awb-title-spacer\"><\/span><h3 class=\"fusion-title-heading title-heading-center fusion-responsive-typography-calculated\" style=\"margin:0;text-transform:none;--fontSize:25;line-height:var(--awb-typography1-line-height);\">Planung<\/h3><span class=\"awb-title-spacer\"><\/span><div class=\"title-sep-container title-sep-container-right\"><div class=\"title-sep sep- sep-solid\" style=\"border-color:var(--awb-color3);\"><\/div><\/div><\/div><div class=\"fusion-text fusion-text-3\" style=\"--awb-text-font-family:&quot;Kumbh Sans&quot;;--awb-text-font-style:normal;--awb-text-font-weight:300;\"><p style=\"text-align: center;\">Die Planung einer Photovoltaikanlage ist der wichtigste Bestandteil. Dabei gehen wir in erster Linie auf die Kundenw\u00fcnsche ein und erstellen die Planung nach der maximalen Stromerzeugung. Dabei beachten wir die Dachart, Dachneigung, sowie die Ausrichtung.<\/p>\n<\/div><\/div><\/div><div class=\"fusion-layout-column fusion_builder_column fusion-builder-column-14 fusion_builder_column_1_2 1_2 fusion-flex-column\" style=\"--awb-bg-size:cover;--awb-width-large:50%;--awb-margin-top-large:0px;--awb-spacing-right-large:3.84%;--awb-margin-bottom-large:20px;--awb-spacing-left-large:3.84%;--awb-width-medium:100%;--awb-order-medium:0;--awb-spacing-right-medium:1.92%;--awb-spacing-left-medium:1.92%;--awb-width-small:100%;--awb-order-small:0;--awb-spacing-right-small:1.92%;--awb-spacing-left-small:1.92%;\"><div class=\"fusion-column-wrapper fusion-column-has-shadow fusion-flex-justify-content-flex-start fusion-content-layout-column\"><div class=\"fusion-title title fusion-title-12 fusion-title-center fusion-title-text fusion-title-size-three\" style=\"--awb-text-color:var(--awb-color4);--awb-margin-top-small:0px;--awb-margin-bottom-small:20px;\"><div class=\"title-sep-container title-sep-container-left\"><div class=\"title-sep sep- sep-solid\" style=\"border-color:var(--awb-color3);\"><\/div><\/div><span class=\"awb-title-spacer\"><\/span><h3 class=\"fusion-title-heading title-heading-center fusion-responsive-typography-calculated\" style=\"margin:0;text-transform:none;--fontSize:25;line-height:var(--awb-typography1-line-height);\">Qualit\u00e4t<\/h3><span class=\"awb-title-spacer\"><\/span><div class=\"title-sep-container title-sep-container-right\"><div class=\"title-sep sep- sep-solid\" style=\"border-color:var(--awb-color3);\"><\/div><\/div><\/div><div class=\"fusion-text fusion-text-4\" style=\"--awb-text-font-family:&quot;Kumbh Sans&quot;;--awb-text-font-style:normal;--awb-text-font-weight:300;\"><p style=\"text-align: center;\">Photovoltaik- und Solarspeicheranlagen sind hochwertige Produkte mit einer langen Lebensdauer von \u00fcber 30 Jahren \u2013 wenn gute Komponenten eingesetzt wurden, die Planung und Installation nach den Regeln der Technik erfolgt sind.<\/p>\n<\/div><\/div><\/div><div class=\"fusion-layout-column fusion_builder_column fusion-builder-column-15 fusion_builder_column_1_2 1_2 fusion-flex-column\" style=\"--awb-bg-size:cover;--awb-width-large:50%;--awb-margin-top-large:0px;--awb-spacing-right-large:3.84%;--awb-margin-bottom-large:20px;--awb-spacing-left-large:3.84%;--awb-width-medium:100%;--awb-order-medium:0;--awb-spacing-right-medium:1.92%;--awb-spacing-left-medium:1.92%;--awb-width-small:100%;--awb-order-small:0;--awb-spacing-right-small:1.92%;--awb-spacing-left-small:1.92%;\"><div class=\"fusion-column-wrapper fusion-column-has-shadow fusion-flex-justify-content-flex-start fusion-content-layout-column\"><div class=\"fusion-title title fusion-title-13 fusion-title-center fusion-title-text fusion-title-size-three\" style=\"--awb-text-color:var(--awb-color4);--awb-margin-top-small:0px;--awb-margin-bottom-small:20px;\"><div class=\"title-sep-container title-sep-container-left\"><div class=\"title-sep sep- sep-solid\" style=\"border-color:var(--awb-color3);\"><\/div><\/div><span class=\"awb-title-spacer\"><\/span><h3 class=\"fusion-title-heading title-heading-center fusion-responsive-typography-calculated\" style=\"margin:0;text-transform:none;--fontSize:25;line-height:var(--awb-typography1-line-height);\">Komponenten<\/h3><span class=\"awb-title-spacer\"><\/span><div class=\"title-sep-container title-sep-container-right\"><div class=\"title-sep sep- sep-solid\" style=\"border-color:var(--awb-color3);\"><\/div><\/div><\/div><div class=\"fusion-text fusion-text-5\" style=\"--awb-text-font-family:&quot;Kumbh Sans&quot;;--awb-text-font-style:normal;--awb-text-font-weight:300;\"><p style=\"text-align: center;\">Nach Kundenw\u00fcnschen bieten wir weitere Komponenten die genau an die PV-Anlage angepasst sind. Einen Wechselrichter f\u00fcr die Einspeisung des Stromes in das Netz, Batteriespeicher f\u00fcr effektive Eigennutzung in Ihrem Zuhause\/Gewerbe.<\/p>\n<\/div><\/div><\/div><div class=\"fusion-layout-column fusion_builder_column fusion-builder-column-16 fusion_builder_column_1_2 1_2 fusion-flex-column\" style=\"--awb-bg-size:cover;--awb-width-large:50%;--awb-margin-top-large:0px;--awb-spacing-right-large:3.84%;--awb-margin-bottom-large:20px;--awb-spacing-left-large:3.84%;--awb-width-medium:100%;--awb-order-medium:0;--awb-spacing-right-medium:1.92%;--awb-spacing-left-medium:1.92%;--awb-width-small:100%;--awb-order-small:0;--awb-spacing-right-small:1.92%;--awb-spacing-left-small:1.92%;\"><div class=\"fusion-column-wrapper fusion-column-has-shadow fusion-flex-justify-content-flex-start fusion-content-layout-column\"><div class=\"fusion-title title fusion-title-14 fusion-title-center fusion-title-text fusion-title-size-three\" style=\"--awb-text-color:var(--awb-color4);--awb-margin-top-small:0px;--awb-margin-bottom-small:20px;\"><div class=\"title-sep-container title-sep-container-left\"><div class=\"title-sep sep- sep-solid\" style=\"border-color:var(--awb-color3);\"><\/div><\/div><span class=\"awb-title-spacer\"><\/span><h3 class=\"fusion-title-heading title-heading-center fusion-responsive-typography-calculated\" style=\"margin:0;text-transform:none;--fontSize:25;line-height:var(--awb-typography1-line-height);\">Finanzierung &amp; Anmeldung<\/h3><span class=\"awb-title-spacer\"><\/span><div class=\"title-sep-container title-sep-container-right\"><div class=\"title-sep sep- sep-solid\" style=\"border-color:var(--awb-color3);\"><\/div><\/div><\/div><div class=\"fusion-text fusion-text-6\" style=\"--awb-text-font-family:&quot;Kumbh Sans&quot;;--awb-text-font-style:normal;--awb-text-font-weight:300;\"><p style=\"text-align: center;\">Finanzierung und Absicherung einer PV-Anlage sind die ersten Fragen, die von den Kunden gestellt werden. Auch hier bieten wir eine ausgiebige Beratung und lassen Sie nicht im Regen stehen. Wir melden Sie auch bei den zust\u00e4ndigen Energieversorger und Bundesnetzagentur an.<\/p>\n<\/div><\/div><\/div><\/div><\/div><div class=\"fusion-fullwidth fullwidth-box fusion-builder-row-5 fusion-flex-container has-pattern-background has-mask-background hundred-percent-fullwidth non-hundred-percent-height-scrolling\" style=\"--link_color: var(--awb-color4);--awb-border-radius-top-left:0px;--awb-border-radius-top-right:0px;--awb-border-radius-bottom-right:0px;--awb-border-radius-bottom-left:0px;--awb-padding-top:50px;--awb-padding-right:100px;--awb-padding-bottom:30px;--awb-padding-left:99px;--awb-margin-top:0px;--awb-margin-bottom:0px;--awb-background-color:var(--awb-color3);--awb-flex-wrap:wrap;\" ><div class=\"fusion-builder-row fusion-row fusion-flex-align-items-flex-start fusion-flex-content-wrap\" style=\"width:104% !important;max-width:104% !important;margin-left: calc(-4% \/ 2 );margin-right: calc(-4% \/ 2 );\"><div class=\"fusion-layout-column fusion_builder_column fusion-builder-column-17 fusion_builder_column_1_1 1_1 fusion-flex-column\" style=\"--awb-bg-size:cover;--awb-width-large:100%;--awb-margin-top-large:0px;--awb-spacing-right-large:1.92%;--awb-margin-bottom-large:20px;--awb-spacing-left-large:1.92%;--awb-width-medium:100%;--awb-order-medium:0;--awb-spacing-right-medium:1.92%;--awb-spacing-left-medium:1.92%;--awb-width-small:100%;--awb-order-small:0;--awb-spacing-right-small:1.92%;--awb-spacing-left-small:1.92%;\"><div class=\"fusion-column-wrapper fusion-column-has-shadow fusion-flex-justify-content-flex-start fusion-content-layout-column\"><div class=\"fusion-title title fusion-title-15 fusion-title-center fusion-title-text fusion-title-size-two\" style=\"--awb-text-color:var(--awb-color4);--awb-margin-bottom:3%;--awb-margin-top-small:0px;--awb-margin-bottom-small:20px;--awb-font-size:37px;\"><div class=\"title-sep-container title-sep-container-left\"><div class=\"title-sep sep- sep-solid\" style=\"border-color:var(--awb-color3);\"><\/div><\/div><span class=\"awb-title-spacer\"><\/span><h2 class=\"fusion-title-heading title-heading-center fusion-responsive-typography-calculated\" style=\"font-family:&quot;Rubik&quot;;font-style:normal;font-weight:600;margin:0;text-transform:none;font-size:1em;--fontSize:37;line-height:1.35;\"><p data-start=\"152\" data-end=\"201\">Die Dachmontage im \u00dcberblick<\/p><\/h2><span class=\"awb-title-spacer\"><\/span><div class=\"title-sep-container title-sep-container-right\"><div class=\"title-sep sep- sep-solid\" style=\"border-color:var(--awb-color3);\"><\/div><\/div><\/div><\/div><\/div><div class=\"fusion-layout-column fusion_builder_column fusion-builder-column-18 fusion_builder_column_1_3 1_3 fusion-flex-column fusion-column-inner-bg-wrapper fusion-column-hover-type-liftup fusion-column-liftup-border fusion-animated\" style=\"--awb-padding-top:10%;--awb-padding-right:10%;--awb-padding-bottom:10%;--awb-padding-left:10%;--awb-overflow:hidden;--awb-inner-bg-color:var(--awb-color1);--awb-inner-bg-color-hover:var(--awb-color1);--awb-inner-bg-size:cover;--awb-border-radius:24px 24px 24px 24px;--awb-liftup-border-radius:24px 24px 24px 24px;--awb-width-large:33.3333333333%;--awb-margin-top-large:0px;--awb-spacing-right-large:2.88%;--awb-margin-bottom-large:20px;--awb-spacing-left-large:2.88%;--awb-width-medium:100%;--awb-order-medium:0;--awb-spacing-right-medium:1.92%;--awb-spacing-left-medium:1.92%;--awb-width-small:100%;--awb-order-small:0;--awb-spacing-right-small:1.92%;--awb-spacing-left-small:1.92%;\" data-animationType=\"fadeInLeft\" data-animationDuration=\"0.8\" data-animationDelay=\"1.0\" data-animationOffset=\"top-into-view\" data-scroll-devices=\"small-visibility,medium-visibility,large-visibility\"><span class=\"fusion-column-inner-bg hover-type-liftup\"><span class=\"fusion-column-anchor\"><span class=\"fusion-column-inner-bg-image\"><\/span><\/span><\/span><div class=\"fusion-column-wrapper fusion-flex-justify-content-flex-start fusion-content-layout-column\"><div class=\"fusion-image-element \" style=\"text-align:center;--awb-max-width:110px;--awb-caption-title-font-family:var(--h2_typography-font-family);--awb-caption-title-font-weight:var(--h2_typography-font-weight);--awb-caption-title-font-style:var(--h2_typography-font-style);--awb-caption-title-size:var(--h2_typography-font-size);--awb-caption-title-transform:var(--h2_typography-text-transform);--awb-caption-title-line-height:var(--h2_typography-line-height);--awb-caption-title-letter-spacing:var(--h2_typography-letter-spacing);\"><span class=\" fusion-imageframe imageframe-none imageframe-9 hover-type-none\"><img decoding=\"async\" width=\"314\" height=\"314\" title=\"aufzaehlung-14\" src=\"https:\/\/spack-webdesign.de\/rehl-klima\/wp-content\/uploads\/2026\/01\/aufzaehlung-14.png\" alt class=\"img-responsive wp-image-6785\" srcset=\"https:\/\/spack-webdesign.de\/rehl-klima\/wp-content\/uploads\/2026\/01\/aufzaehlung-14-200x200.png 200w, https:\/\/spack-webdesign.de\/rehl-klima\/wp-content\/uploads\/2026\/01\/aufzaehlung-14.png 314w\" sizes=\"(max-width: 1024px) 100vw, (max-width: 640px) 100vw, 314px\" \/><\/span><\/div><div class=\"fusion-title title fusion-title-16 fusion-title-center fusion-title-text fusion-title-size-three\" style=\"--awb-text-color:var(--awb-color4);--awb-margin-top:25px;--awb-margin-top-small:0px;--awb-margin-bottom-small:20px;\"><div class=\"title-sep-container title-sep-container-left\"><div class=\"title-sep sep- sep-solid\" style=\"border-color:var(--awb-color3);\"><\/div><\/div><span class=\"awb-title-spacer\"><\/span><h3 class=\"fusion-title-heading title-heading-center fusion-responsive-typography-calculated\" style=\"font-family:&quot;Kumbh Sans&quot;;font-style:normal;font-weight:700;margin:0;text-transform:none;--fontSize:25;line-height:var(--awb-typography1-line-height);\">Pr\u00fcfung der Dachfl\u00e4che &amp; detaillierte Planung<\/h3><span class=\"awb-title-spacer\"><\/span><div class=\"title-sep-container title-sep-container-right\"><div class=\"title-sep sep- sep-solid\" style=\"border-color:var(--awb-color3);\"><\/div><\/div><\/div><div class=\"fusion-text fusion-text-7\" style=\"--awb-content-alignment:center;--awb-text-color:var(--awb-color5);--awb-text-font-family:&quot;Kumbh Sans&quot;;--awb-text-font-style:normal;--awb-text-font-weight:500;\"><p data-start=\"269\" data-end=\"456\">Zu Beginn wird die Dachfl\u00e4che sorgf\u00e4ltig begutachtet. Dabei pr\u00fcfen wir Statik, Ausrichtung und die geplante Position der PV-Module, um eine pr\u00e4zise und sichere Umsetzung zu gew\u00e4hrleisten.<\/p>\n<\/div><\/div><\/div><div class=\"fusion-layout-column fusion_builder_column fusion-builder-column-19 fusion_builder_column_1_3 1_3 fusion-flex-column fusion-column-inner-bg-wrapper fusion-column-hover-type-liftup fusion-column-liftup-border fusion-animated\" style=\"--awb-padding-top:10%;--awb-padding-right:10%;--awb-padding-bottom:10%;--awb-padding-left:10%;--awb-overflow:hidden;--awb-inner-bg-color:var(--awb-color1);--awb-inner-bg-color-hover:var(--awb-color1);--awb-inner-bg-size:cover;--awb-border-radius:24px 24px 24px 24px;--awb-liftup-border-radius:24px 24px 24px 24px;--awb-width-large:33.3333333333%;--awb-margin-top-large:0px;--awb-spacing-right-large:2.88%;--awb-margin-bottom-large:20px;--awb-spacing-left-large:2.88%;--awb-width-medium:100%;--awb-order-medium:0;--awb-spacing-right-medium:1.92%;--awb-spacing-left-medium:1.92%;--awb-width-small:100%;--awb-order-small:0;--awb-spacing-right-small:1.92%;--awb-spacing-left-small:1.92%;\" data-animationType=\"fadeInLeft\" data-animationDuration=\"0.8\" data-animationDelay=\"1.0\" data-animationOffset=\"top-into-view\" data-scroll-devices=\"small-visibility,medium-visibility,large-visibility\"><span class=\"fusion-column-inner-bg hover-type-liftup\"><span class=\"fusion-column-anchor\"><span class=\"fusion-column-inner-bg-image\"><\/span><\/span><\/span><div class=\"fusion-column-wrapper fusion-flex-justify-content-flex-start fusion-content-layout-column\"><div class=\"fusion-image-element \" style=\"text-align:center;--awb-max-width:110px;--awb-caption-title-font-family:var(--h2_typography-font-family);--awb-caption-title-font-weight:var(--h2_typography-font-weight);--awb-caption-title-font-style:var(--h2_typography-font-style);--awb-caption-title-size:var(--h2_typography-font-size);--awb-caption-title-transform:var(--h2_typography-text-transform);--awb-caption-title-line-height:var(--h2_typography-line-height);--awb-caption-title-letter-spacing:var(--h2_typography-letter-spacing);\"><span class=\" fusion-imageframe imageframe-none imageframe-10 hover-type-none\"><img decoding=\"async\" width=\"314\" height=\"314\" title=\"aufzaehlung-15\" src=\"https:\/\/spack-webdesign.de\/rehl-klima\/wp-content\/uploads\/2026\/01\/aufzaehlung-15.png\" alt class=\"img-responsive wp-image-6783\" srcset=\"https:\/\/spack-webdesign.de\/rehl-klima\/wp-content\/uploads\/2026\/01\/aufzaehlung-15-200x200.png 200w, https:\/\/spack-webdesign.de\/rehl-klima\/wp-content\/uploads\/2026\/01\/aufzaehlung-15.png 314w\" sizes=\"(max-width: 1024px) 100vw, (max-width: 640px) 100vw, 314px\" \/><\/span><\/div><div class=\"fusion-title title fusion-title-17 fusion-title-center fusion-title-text fusion-title-size-three\" style=\"--awb-text-color:var(--awb-color4);--awb-margin-top:25px;--awb-margin-top-small:0px;--awb-margin-bottom-small:20px;\"><div class=\"title-sep-container title-sep-container-left\"><div class=\"title-sep sep- sep-solid\" style=\"border-color:var(--awb-color3);\"><\/div><\/div><span class=\"awb-title-spacer\"><\/span><h3 class=\"fusion-title-heading title-heading-center fusion-responsive-typography-calculated\" style=\"font-family:&quot;Kumbh Sans&quot;;font-style:normal;font-weight:700;margin:0;text-transform:none;--fontSize:25;line-height:var(--awb-typography1-line-height);\">Vorbereitung der Dachkonstruktion<\/h3><span class=\"awb-title-spacer\"><\/span><div class=\"title-sep-container title-sep-container-right\"><div class=\"title-sep sep- sep-solid\" style=\"border-color:var(--awb-color3);\"><\/div><\/div><\/div><div class=\"fusion-text fusion-text-8\" style=\"--awb-content-alignment:center;--awb-text-color:var(--awb-color5);--awb-text-font-family:&quot;Kumbh Sans&quot;;--awb-text-font-style:normal;--awb-text-font-weight:500;\"><p data-start=\"503\" data-end=\"718\">Im n\u00e4chsten Schritt wird die vorhandene Dachkonstruktion vorbereitet. Je nach Dachart kann es notwendig sein, einzelne Elemente vor\u00fcbergehend zu l\u00f6sen, um eine fachgerechte und dauerhafte Befestigung zu erm\u00f6glichen.<\/p>\n<\/div><\/div><\/div><div class=\"fusion-layout-column fusion_builder_column fusion-builder-column-20 fusion_builder_column_1_3 1_3 fusion-flex-column fusion-column-inner-bg-wrapper fusion-column-hover-type-liftup fusion-column-liftup-border fusion-animated\" style=\"--awb-padding-top:10%;--awb-padding-right:10%;--awb-padding-bottom:10%;--awb-padding-left:10%;--awb-overflow:hidden;--awb-inner-bg-color:var(--awb-color1);--awb-inner-bg-color-hover:var(--awb-color1);--awb-inner-bg-size:cover;--awb-border-radius:24px 24px 24px 24px;--awb-liftup-border-radius:24px 24px 24px 24px;--awb-width-large:33.3333333333%;--awb-margin-top-large:0px;--awb-spacing-right-large:2.88%;--awb-margin-bottom-large:20px;--awb-spacing-left-large:2.88%;--awb-width-medium:100%;--awb-order-medium:0;--awb-spacing-right-medium:1.92%;--awb-spacing-left-medium:1.92%;--awb-width-small:100%;--awb-order-small:0;--awb-spacing-right-small:1.92%;--awb-spacing-left-small:1.92%;\" data-animationType=\"fadeInLeft\" data-animationDuration=\"0.8\" data-animationDelay=\"0.5\" data-animationOffset=\"top-into-view\" data-scroll-devices=\"small-visibility,medium-visibility,large-visibility\"><span class=\"fusion-column-inner-bg hover-type-liftup\"><span class=\"fusion-column-anchor\"><span class=\"fusion-column-inner-bg-image\"><\/span><\/span><\/span><div class=\"fusion-column-wrapper fusion-flex-justify-content-flex-start fusion-content-layout-column\"><div class=\"fusion-image-element \" style=\"text-align:center;--awb-max-width:110px;--awb-caption-title-font-family:var(--h2_typography-font-family);--awb-caption-title-font-weight:var(--h2_typography-font-weight);--awb-caption-title-font-style:var(--h2_typography-font-style);--awb-caption-title-size:var(--h2_typography-font-size);--awb-caption-title-transform:var(--h2_typography-text-transform);--awb-caption-title-line-height:var(--h2_typography-line-height);--awb-caption-title-letter-spacing:var(--h2_typography-letter-spacing);\"><span class=\" fusion-imageframe imageframe-none imageframe-11 hover-type-none\"><img decoding=\"async\" width=\"314\" height=\"314\" title=\"aufzaehlung-16\" src=\"https:\/\/spack-webdesign.de\/rehl-klima\/wp-content\/uploads\/2026\/01\/aufzaehlung-16.png\" alt class=\"img-responsive wp-image-6786\" srcset=\"https:\/\/spack-webdesign.de\/rehl-klima\/wp-content\/uploads\/2026\/01\/aufzaehlung-16-200x200.png 200w, https:\/\/spack-webdesign.de\/rehl-klima\/wp-content\/uploads\/2026\/01\/aufzaehlung-16.png 314w\" sizes=\"(max-width: 1024px) 100vw, (max-width: 640px) 100vw, 314px\" \/><\/span><\/div><div class=\"fusion-title title fusion-title-18 fusion-title-center fusion-title-text fusion-title-size-three\" style=\"--awb-text-color:var(--awb-color4);--awb-margin-top:25px;--awb-margin-top-small:0px;--awb-margin-bottom-small:20px;\"><div class=\"title-sep-container title-sep-container-left\"><div class=\"title-sep sep- sep-solid\" style=\"border-color:var(--awb-color3);\"><\/div><\/div><span class=\"awb-title-spacer\"><\/span><h3 class=\"fusion-title-heading title-heading-center fusion-responsive-typography-calculated\" style=\"font-family:&quot;Kumbh Sans&quot;;font-style:normal;font-weight:700;margin:0;text-transform:none;--fontSize:25;line-height:var(--awb-typography1-line-height);\">Montage der Tr\u00e4gersysteme<\/h3><span class=\"awb-title-spacer\"><\/span><div class=\"title-sep-container title-sep-container-right\"><div class=\"title-sep sep- sep-solid\" style=\"border-color:var(--awb-color3);\"><\/div><\/div><\/div><div class=\"fusion-text fusion-text-9\" style=\"--awb-content-alignment:center;--awb-text-color:var(--awb-color5);--awb-text-font-family:&quot;Kumbh Sans&quot;;--awb-text-font-style:normal;--awb-text-font-weight:500;\"><p>Anschlie\u00dfend werden die ben\u00f6tigten Befestigungselemente und Quertr\u00e4ger montiert. Diese bilden die stabile Grundlage f\u00fcr die sp\u00e4tere Aufnahme der PV-Module und werden exakt auf die Dachgegebenheiten abgestimmt.<\/p>\n<\/div><\/div><\/div><div class=\"fusion-layout-column fusion_builder_column fusion-builder-column-21 fusion_builder_column_1_3 1_3 fusion-flex-column fusion-column-inner-bg-wrapper fusion-column-hover-type-liftup fusion-column-liftup-border fusion-animated\" style=\"--awb-padding-top:10%;--awb-padding-right:10%;--awb-padding-bottom:10%;--awb-padding-left:10%;--awb-overflow:hidden;--awb-inner-bg-color:var(--awb-color1);--awb-inner-bg-color-hover:var(--awb-color1);--awb-inner-bg-size:cover;--awb-border-radius:24px 24px 24px 24px;--awb-liftup-border-radius:24px 24px 24px 24px;--awb-width-large:33.3333333333%;--awb-margin-top-large:0px;--awb-spacing-right-large:2.88%;--awb-margin-bottom-large:20px;--awb-spacing-left-large:2.88%;--awb-width-medium:100%;--awb-order-medium:0;--awb-spacing-right-medium:1.92%;--awb-spacing-left-medium:1.92%;--awb-width-small:100%;--awb-order-small:0;--awb-spacing-right-small:1.92%;--awb-spacing-left-small:1.92%;\" data-animationType=\"fadeInLeft\" data-animationDuration=\"0.8\" data-animationOffset=\"top-into-view\" data-scroll-devices=\"small-visibility,medium-visibility,large-visibility\"><span class=\"fusion-column-inner-bg hover-type-liftup\"><span class=\"fusion-column-anchor\"><span class=\"fusion-column-inner-bg-image\"><\/span><\/span><\/span><div class=\"fusion-column-wrapper fusion-flex-justify-content-flex-start fusion-content-layout-column\"><div class=\"fusion-image-element \" style=\"text-align:center;--awb-max-width:110px;--awb-caption-title-font-family:var(--h2_typography-font-family);--awb-caption-title-font-weight:var(--h2_typography-font-weight);--awb-caption-title-font-style:var(--h2_typography-font-style);--awb-caption-title-size:var(--h2_typography-font-size);--awb-caption-title-transform:var(--h2_typography-text-transform);--awb-caption-title-line-height:var(--h2_typography-line-height);--awb-caption-title-letter-spacing:var(--h2_typography-letter-spacing);\"><span class=\" fusion-imageframe imageframe-none imageframe-12 hover-type-none\"><img decoding=\"async\" width=\"313\" height=\"314\" title=\"aufzaehlung-17\" src=\"https:\/\/spack-webdesign.de\/rehl-klima\/wp-content\/uploads\/2026\/01\/aufzaehlung-17.png\" alt class=\"img-responsive wp-image-6784\" srcset=\"https:\/\/spack-webdesign.de\/rehl-klima\/wp-content\/uploads\/2026\/01\/aufzaehlung-17-200x201.png 200w, https:\/\/spack-webdesign.de\/rehl-klima\/wp-content\/uploads\/2026\/01\/aufzaehlung-17.png 313w\" sizes=\"(max-width: 1024px) 100vw, (max-width: 640px) 100vw, 313px\" \/><\/span><\/div><div class=\"fusion-title title fusion-title-19 fusion-title-center fusion-title-text fusion-title-size-three\" style=\"--awb-text-color:var(--awb-color4);--awb-margin-top:25px;--awb-margin-top-small:0px;--awb-margin-bottom-small:20px;\"><div class=\"title-sep-container title-sep-container-left\"><div class=\"title-sep sep- sep-solid\" style=\"border-color:var(--awb-color3);\"><\/div><\/div><span class=\"awb-title-spacer\"><\/span><h3 class=\"fusion-title-heading title-heading-center fusion-responsive-typography-calculated\" style=\"margin:0;text-transform:none;--fontSize:25;line-height:var(--awb-typography1-line-height);\">Installation der PV-Module<\/h3><span class=\"awb-title-spacer\"><\/span><div class=\"title-sep-container title-sep-container-right\"><div class=\"title-sep sep- sep-solid\" style=\"border-color:var(--awb-color3);\"><\/div><\/div><\/div><div class=\"fusion-text fusion-text-10\" style=\"--awb-content-alignment:center;--awb-text-transform:none;--awb-text-color:var(--awb-color5);--awb-text-font-family:&quot;Kumbh Sans&quot;;--awb-text-font-style:normal;--awb-text-font-weight:500;\"><div class=\"wpb_text_column wpb_content_element \">\n<p>Die Solarmodule werden nun passgenau auf den Tr\u00e4gersystemen befestigt. Dabei achten wir auf eine sichere Fixierung und eine optimale Ausrichtung f\u00fcr maximale Energieausbeute.<\/p>\n<\/div>\n<\/div><\/div><\/div><div class=\"fusion-layout-column fusion_builder_column fusion-builder-column-22 fusion_builder_column_1_3 1_3 fusion-flex-column fusion-column-inner-bg-wrapper fusion-column-hover-type-liftup fusion-column-liftup-border fusion-animated\" style=\"--awb-padding-top:10%;--awb-padding-right:10%;--awb-padding-bottom:10%;--awb-padding-left:10%;--awb-overflow:hidden;--awb-inner-bg-color:var(--awb-color1);--awb-inner-bg-color-hover:var(--awb-color1);--awb-inner-bg-size:cover;--awb-border-radius:24px 24px 24px 24px;--awb-liftup-border-radius:24px 24px 24px 24px;--awb-width-large:33.3333333333%;--awb-margin-top-large:0px;--awb-spacing-right-large:2.88%;--awb-margin-bottom-large:20px;--awb-spacing-left-large:2.88%;--awb-width-medium:100%;--awb-order-medium:0;--awb-spacing-right-medium:1.92%;--awb-spacing-left-medium:1.92%;--awb-width-small:100%;--awb-order-small:0;--awb-spacing-right-small:1.92%;--awb-spacing-left-small:1.92%;\" data-animationType=\"fadeInLeft\" data-animationDuration=\"0.8\" data-animationOffset=\"top-into-view\" data-scroll-devices=\"small-visibility,medium-visibility,large-visibility\"><span class=\"fusion-column-inner-bg hover-type-liftup\"><span class=\"fusion-column-anchor\"><span class=\"fusion-column-inner-bg-image\"><\/span><\/span><\/span><div class=\"fusion-column-wrapper fusion-flex-justify-content-flex-start fusion-content-layout-column\"><div class=\"fusion-image-element \" style=\"text-align:center;--awb-max-width:110px;--awb-caption-title-font-family:var(--h2_typography-font-family);--awb-caption-title-font-weight:var(--h2_typography-font-weight);--awb-caption-title-font-style:var(--h2_typography-font-style);--awb-caption-title-size:var(--h2_typography-font-size);--awb-caption-title-transform:var(--h2_typography-text-transform);--awb-caption-title-line-height:var(--h2_typography-line-height);--awb-caption-title-letter-spacing:var(--h2_typography-letter-spacing);\"><span class=\" fusion-imageframe imageframe-none imageframe-13 hover-type-none\"><img decoding=\"async\" width=\"314\" height=\"314\" title=\"aufzaehlung-18\" src=\"https:\/\/spack-webdesign.de\/rehl-klima\/wp-content\/uploads\/2026\/01\/aufzaehlung-18.png\" alt class=\"img-responsive wp-image-6781\" srcset=\"https:\/\/spack-webdesign.de\/rehl-klima\/wp-content\/uploads\/2026\/01\/aufzaehlung-18-200x200.png 200w, https:\/\/spack-webdesign.de\/rehl-klima\/wp-content\/uploads\/2026\/01\/aufzaehlung-18.png 314w\" sizes=\"(max-width: 1024px) 100vw, (max-width: 640px) 100vw, 314px\" \/><\/span><\/div><div class=\"fusion-title title fusion-title-20 fusion-title-center fusion-title-text fusion-title-size-three\" style=\"--awb-text-color:var(--awb-color4);--awb-margin-top:25px;--awb-margin-top-small:0px;--awb-margin-bottom-small:20px;\"><div class=\"title-sep-container title-sep-container-left\"><div class=\"title-sep sep- sep-solid\" style=\"border-color:var(--awb-color3);\"><\/div><\/div><span class=\"awb-title-spacer\"><\/span><h3 class=\"fusion-title-heading title-heading-center fusion-responsive-typography-calculated\" style=\"font-family:&quot;Kumbh Sans&quot;;font-style:normal;font-weight:700;margin:0;text-transform:none;--fontSize:25;line-height:var(--awb-typography1-line-height);\">Anschluss der elektrischen Komponenten<\/h3><span class=\"awb-title-spacer\"><\/span><div class=\"title-sep-container title-sep-container-right\"><div class=\"title-sep sep- sep-solid\" style=\"border-color:var(--awb-color3);\"><\/div><\/div><\/div><div class=\"fusion-text fusion-text-11\" style=\"--awb-content-alignment:center;--awb-text-color:var(--awb-color5);--awb-text-font-family:&quot;Kumbh Sans&quot;;--awb-text-font-style:normal;--awb-text-font-weight:500;\"><p data-start=\"1232\" data-end=\"1393\">Im n\u00e4chsten Schritt erfolgt die Verkabelung der Anlage. Alle relevanten Leitungen werden verbunden und die notwendigen Schutzkomponenten fachgerecht installiert.<\/p>\n<\/div><\/div><\/div><div class=\"fusion-layout-column fusion_builder_column fusion-builder-column-23 fusion_builder_column_1_3 1_3 fusion-flex-column fusion-column-inner-bg-wrapper fusion-column-hover-type-liftup fusion-column-liftup-border fusion-animated\" style=\"--awb-padding-top:10%;--awb-padding-right:10%;--awb-padding-bottom:10%;--awb-padding-left:10%;--awb-overflow:hidden;--awb-inner-bg-color:var(--awb-color1);--awb-inner-bg-color-hover:var(--awb-color1);--awb-inner-bg-size:cover;--awb-border-radius:24px 24px 24px 24px;--awb-liftup-border-radius:24px 24px 24px 24px;--awb-width-large:33.3333333333%;--awb-margin-top-large:0px;--awb-spacing-right-large:2.88%;--awb-margin-bottom-large:20px;--awb-spacing-left-large:2.88%;--awb-width-medium:100%;--awb-order-medium:0;--awb-spacing-right-medium:1.92%;--awb-spacing-left-medium:1.92%;--awb-width-small:100%;--awb-order-small:0;--awb-spacing-right-small:1.92%;--awb-spacing-left-small:1.92%;\" data-animationType=\"fadeInLeft\" data-animationDuration=\"0.8\" data-animationDelay=\"0.5\" data-animationOffset=\"top-into-view\" data-scroll-devices=\"small-visibility,medium-visibility,large-visibility\"><span class=\"fusion-column-inner-bg hover-type-liftup\"><span class=\"fusion-column-anchor\"><span class=\"fusion-column-inner-bg-image\"><\/span><\/span><\/span><div class=\"fusion-column-wrapper fusion-flex-justify-content-flex-start fusion-content-layout-column\"><div class=\"fusion-image-element \" style=\"text-align:center;--awb-max-width:110px;--awb-caption-title-font-family:var(--h2_typography-font-family);--awb-caption-title-font-weight:var(--h2_typography-font-weight);--awb-caption-title-font-style:var(--h2_typography-font-style);--awb-caption-title-size:var(--h2_typography-font-size);--awb-caption-title-transform:var(--h2_typography-text-transform);--awb-caption-title-line-height:var(--h2_typography-line-height);--awb-caption-title-letter-spacing:var(--h2_typography-letter-spacing);\"><span class=\" fusion-imageframe imageframe-none imageframe-14 hover-type-none\"><img decoding=\"async\" width=\"313\" height=\"314\" title=\"aufzaehlung-19\" src=\"https:\/\/spack-webdesign.de\/rehl-klima\/wp-content\/uploads\/2026\/01\/aufzaehlung-19.png\" alt class=\"img-responsive wp-image-6782\" srcset=\"https:\/\/spack-webdesign.de\/rehl-klima\/wp-content\/uploads\/2026\/01\/aufzaehlung-19-200x201.png 200w, https:\/\/spack-webdesign.de\/rehl-klima\/wp-content\/uploads\/2026\/01\/aufzaehlung-19.png 313w\" sizes=\"(max-width: 1024px) 100vw, (max-width: 640px) 100vw, 313px\" \/><\/span><\/div><div class=\"fusion-title title fusion-title-21 fusion-title-center fusion-title-text fusion-title-size-three\" style=\"--awb-text-color:var(--awb-color4);--awb-margin-top:25px;--awb-margin-top-small:0px;--awb-margin-bottom-small:20px;\"><div class=\"title-sep-container title-sep-container-left\"><div class=\"title-sep sep- sep-solid\" style=\"border-color:var(--awb-color3);\"><\/div><\/div><span class=\"awb-title-spacer\"><\/span><h3 class=\"fusion-title-heading title-heading-center fusion-responsive-typography-calculated\" style=\"font-family:&quot;Kumbh Sans&quot;;font-style:normal;font-weight:700;margin:0;text-transform:none;--fontSize:25;line-height:var(--awb-typography1-line-height);\">Abnahme &amp; Dokumentation<\/h3><span class=\"awb-title-spacer\"><\/span><div class=\"title-sep-container title-sep-container-right\"><div class=\"title-sep sep- sep-solid\" style=\"border-color:var(--awb-color3);\"><\/div><\/div><\/div><div class=\"fusion-text fusion-text-12\" style=\"--awb-content-alignment:center;--awb-text-color:var(--awb-color5);--awb-text-font-family:&quot;Kumbh Sans&quot;;--awb-text-font-style:normal;--awb-text-font-weight:500;\"><p data-start=\"1430\" data-end=\"1620\">Zum Abschluss wird die PV-Anlage gemeinsam mit dem Kunden \u00fcberpr\u00fcft. Die ordnungsgem\u00e4\u00dfe Installation wird dokumentiert und in einem Abnahmeprotokoll inklusive Fotodokumentation festgehalten.<\/p>\n<\/div><\/div><\/div><\/div><\/div><div class=\"fusion-fullwidth fullwidth-box fusion-builder-row-6 fusion-flex-container has-pattern-background has-mask-background nonhundred-percent-fullwidth non-hundred-percent-height-scrolling\" style=\"--awb-border-radius-top-left:0px;--awb-border-radius-top-right:0px;--awb-border-radius-bottom-right:0px;--awb-border-radius-bottom-left:0px;--awb-padding-top:50px;--awb-padding-bottom:50px;--awb-flex-wrap:wrap;\" ><div class=\"fusion-builder-row fusion-row fusion-flex-align-items-flex-start fusion-flex-content-wrap\" style=\"max-width:1216.8px;margin-left: calc(-4% \/ 2 );margin-right: calc(-4% \/ 2 );\"><div class=\"fusion-layout-column fusion_builder_column fusion-builder-column-24 fusion_builder_column_1_1 1_1 fusion-flex-column\" style=\"--awb-bg-size:cover;--awb-width-large:100%;--awb-margin-top-large:0px;--awb-spacing-right-large:1.92%;--awb-margin-bottom-large:20px;--awb-spacing-left-large:1.92%;--awb-width-medium:100%;--awb-order-medium:0;--awb-spacing-right-medium:1.92%;--awb-spacing-left-medium:1.92%;--awb-width-small:100%;--awb-order-small:0;--awb-spacing-right-small:1.92%;--awb-spacing-left-small:1.92%;\"><div class=\"fusion-column-wrapper fusion-column-has-shadow fusion-flex-justify-content-flex-start fusion-content-layout-column\"><div class=\"fusion-title title fusion-title-22 fusion-title-center fusion-title-text fusion-title-size-three\" style=\"--awb-text-color:var(--awb-color4);--awb-margin-top-small:0px;--awb-margin-bottom-small:20px;\"><div class=\"title-sep-container title-sep-container-left\"><div class=\"title-sep sep- sep-solid\" style=\"border-color:var(--awb-color3);\"><\/div><\/div><span class=\"awb-title-spacer\"><\/span><h3 class=\"fusion-title-heading title-heading-center fusion-responsive-typography-calculated\" style=\"margin:0;text-transform:uppercase;--fontSize:25;line-height:var(--awb-typography1-line-height);\">Unsere Referenzen<\/h3><span class=\"awb-title-spacer\"><\/span><div class=\"title-sep-container title-sep-container-right\"><div class=\"title-sep sep- sep-solid\" style=\"border-color:var(--awb-color3);\"><\/div><\/div><\/div><\/div><\/div><div class=\"fusion-layout-column fusion_builder_column fusion-builder-column-25 fusion_builder_column_1_3 1_3 fusion-flex-column\" style=\"--awb-bg-size:cover;--awb-width-large:33.3333333333%;--awb-margin-top-large:0px;--awb-spacing-right-large:5.76%;--awb-margin-bottom-large:20px;--awb-spacing-left-large:5.76%;--awb-width-medium:100%;--awb-order-medium:0;--awb-spacing-right-medium:1.92%;--awb-spacing-left-medium:1.92%;--awb-width-small:100%;--awb-order-small:0;--awb-spacing-right-small:1.92%;--awb-spacing-left-small:1.92%;\"><div class=\"fusion-column-wrapper fusion-column-has-shadow fusion-flex-justify-content-flex-start fusion-content-layout-column\"><div class=\"fusion-image-element \" style=\"--awb-aspect-ratio:3 \/ 2;--awb-caption-title-font-family:var(--h2_typography-font-family);--awb-caption-title-font-weight:var(--h2_typography-font-weight);--awb-caption-title-font-style:var(--h2_typography-font-style);--awb-caption-title-size:var(--h2_typography-font-size);--awb-caption-title-transform:var(--h2_typography-text-transform);--awb-caption-title-line-height:var(--h2_typography-line-height);--awb-caption-title-letter-spacing:var(--h2_typography-letter-spacing);\"><span class=\" fusion-imageframe imageframe-none imageframe-15 hover-type-none has-aspect-ratio\"><img decoding=\"async\" width=\"2048\" height=\"1536\" title=\"ref-pv-anlage\" src=\"https:\/\/spack-webdesign.de\/rehl-klima\/wp-content\/uploads\/2026\/03\/ref-pv-anlage.jpeg\" class=\"img-responsive wp-image-7151 img-with-aspect-ratio\" data-parent-fit=\"cover\" data-parent-container=\".fusion-image-element\" alt srcset=\"https:\/\/spack-webdesign.de\/rehl-klima\/wp-content\/uploads\/2026\/03\/ref-pv-anlage-200x150.jpeg 200w, https:\/\/spack-webdesign.de\/rehl-klima\/wp-content\/uploads\/2026\/03\/ref-pv-anlage-400x300.jpeg 400w, https:\/\/spack-webdesign.de\/rehl-klima\/wp-content\/uploads\/2026\/03\/ref-pv-anlage-600x450.jpeg 600w, https:\/\/spack-webdesign.de\/rehl-klima\/wp-content\/uploads\/2026\/03\/ref-pv-anlage-800x600.jpeg 800w, https:\/\/spack-webdesign.de\/rehl-klima\/wp-content\/uploads\/2026\/03\/ref-pv-anlage-1200x900.jpeg 1200w, https:\/\/spack-webdesign.de\/rehl-klima\/wp-content\/uploads\/2026\/03\/ref-pv-anlage.jpeg 2048w\" sizes=\"(max-width: 1024px) 100vw, (max-width: 640px) 100vw, 400px\" \/><\/span><\/div><\/div><\/div><div class=\"fusion-layout-column fusion_builder_column fusion-builder-column-26 fusion_builder_column_1_3 1_3 fusion-flex-column\" style=\"--awb-bg-size:cover;--awb-width-large:33.3333333333%;--awb-margin-top-large:0px;--awb-spacing-right-large:5.76%;--awb-margin-bottom-large:20px;--awb-spacing-left-large:5.76%;--awb-width-medium:100%;--awb-order-medium:0;--awb-spacing-right-medium:1.92%;--awb-spacing-left-medium:1.92%;--awb-width-small:100%;--awb-order-small:0;--awb-spacing-right-small:1.92%;--awb-spacing-left-small:1.92%;\"><div class=\"fusion-column-wrapper fusion-column-has-shadow fusion-flex-justify-content-flex-start fusion-content-layout-column\"><div class=\"fusion-image-element \" style=\"--awb-caption-title-font-family:var(--h2_typography-font-family);--awb-caption-title-font-weight:var(--h2_typography-font-weight);--awb-caption-title-font-style:var(--h2_typography-font-style);--awb-caption-title-size:var(--h2_typography-font-size);--awb-caption-title-transform:var(--h2_typography-text-transform);--awb-caption-title-line-height:var(--h2_typography-line-height);--awb-caption-title-letter-spacing:var(--h2_typography-letter-spacing);\"><span class=\" fusion-imageframe imageframe-none imageframe-16 hover-type-none\"><img decoding=\"async\" width=\"500\" height=\"338\" title=\"pv-anlage-4\" src=\"https:\/\/spack-webdesign.de\/rehl-klima\/wp-content\/uploads\/2025\/09\/pv-anlage-4.jpg\" alt class=\"img-responsive wp-image-6637\" srcset=\"https:\/\/spack-webdesign.de\/rehl-klima\/wp-content\/uploads\/2025\/09\/pv-anlage-4-200x135.jpg 200w, https:\/\/spack-webdesign.de\/rehl-klima\/wp-content\/uploads\/2025\/09\/pv-anlage-4-400x270.jpg 400w, https:\/\/spack-webdesign.de\/rehl-klima\/wp-content\/uploads\/2025\/09\/pv-anlage-4.jpg 500w\" sizes=\"(max-width: 1024px) 100vw, (max-width: 640px) 100vw, 400px\" \/><\/span><\/div><\/div><\/div><div class=\"fusion-layout-column fusion_builder_column fusion-builder-column-27 fusion_builder_column_1_3 1_3 fusion-flex-column\" style=\"--awb-bg-size:cover;--awb-width-large:33.3333333333%;--awb-margin-top-large:0px;--awb-spacing-right-large:5.76%;--awb-margin-bottom-large:20px;--awb-spacing-left-large:5.76%;--awb-width-medium:100%;--awb-order-medium:0;--awb-spacing-right-medium:1.92%;--awb-spacing-left-medium:1.92%;--awb-width-small:100%;--awb-order-small:0;--awb-spacing-right-small:1.92%;--awb-spacing-left-small:1.92%;\"><div class=\"fusion-column-wrapper fusion-column-has-shadow fusion-flex-justify-content-flex-start fusion-content-layout-column\"><div class=\"fusion-image-element \" style=\"--awb-caption-title-font-family:var(--h2_typography-font-family);--awb-caption-title-font-weight:var(--h2_typography-font-weight);--awb-caption-title-font-style:var(--h2_typography-font-style);--awb-caption-title-size:var(--h2_typography-font-size);--awb-caption-title-transform:var(--h2_typography-text-transform);--awb-caption-title-line-height:var(--h2_typography-line-height);--awb-caption-title-letter-spacing:var(--h2_typography-letter-spacing);\"><span class=\" fusion-imageframe imageframe-none imageframe-17 hover-type-none\"><img decoding=\"async\" width=\"500\" height=\"338\" title=\"pv-anlage-3\" src=\"https:\/\/spack-webdesign.de\/rehl-klima\/wp-content\/uploads\/2025\/09\/pv-anlage-3.jpg\" alt class=\"img-responsive wp-image-6636\" srcset=\"https:\/\/spack-webdesign.de\/rehl-klima\/wp-content\/uploads\/2025\/09\/pv-anlage-3-200x135.jpg 200w, https:\/\/spack-webdesign.de\/rehl-klima\/wp-content\/uploads\/2025\/09\/pv-anlage-3-400x270.jpg 400w, https:\/\/spack-webdesign.de\/rehl-klima\/wp-content\/uploads\/2025\/09\/pv-anlage-3.jpg 500w\" sizes=\"(max-width: 1024px) 100vw, (max-width: 640px) 100vw, 400px\" \/><\/span><\/div><\/div><\/div><div class=\"fusion-layout-column fusion_builder_column fusion-builder-column-28 fusion_builder_column_1_3 1_3 fusion-flex-column\" style=\"--awb-bg-size:cover;--awb-width-large:33.3333333333%;--awb-margin-top-large:0px;--awb-spacing-right-large:5.76%;--awb-margin-bottom-large:20px;--awb-spacing-left-large:5.76%;--awb-width-medium:100%;--awb-order-medium:0;--awb-spacing-right-medium:1.92%;--awb-spacing-left-medium:1.92%;--awb-width-small:100%;--awb-order-small:0;--awb-spacing-right-small:1.92%;--awb-spacing-left-small:1.92%;\"><div class=\"fusion-column-wrapper fusion-column-has-shadow fusion-flex-justify-content-flex-start fusion-content-layout-column\"><div class=\"fusion-image-element \" style=\"--awb-caption-title-font-family:var(--h2_typography-font-family);--awb-caption-title-font-weight:var(--h2_typography-font-weight);--awb-caption-title-font-style:var(--h2_typography-font-style);--awb-caption-title-size:var(--h2_typography-font-size);--awb-caption-title-transform:var(--h2_typography-text-transform);--awb-caption-title-line-height:var(--h2_typography-line-height);--awb-caption-title-letter-spacing:var(--h2_typography-letter-spacing);\"><span class=\" fusion-imageframe imageframe-none imageframe-18 hover-type-none\"><img decoding=\"async\" width=\"500\" height=\"338\" title=\"default\" src=\"https:\/\/spack-webdesign.de\/rehl-klima\/wp-content\/uploads\/2025\/09\/DJI_0580.jpg\" alt class=\"img-responsive wp-image-6630\" srcset=\"https:\/\/spack-webdesign.de\/rehl-klima\/wp-content\/uploads\/2025\/09\/DJI_0580-200x135.jpg 200w, https:\/\/spack-webdesign.de\/rehl-klima\/wp-content\/uploads\/2025\/09\/DJI_0580-400x270.jpg 400w, https:\/\/spack-webdesign.de\/rehl-klima\/wp-content\/uploads\/2025\/09\/DJI_0580.jpg 500w\" sizes=\"(max-width: 1024px) 100vw, (max-width: 640px) 100vw, 400px\" \/><\/span><\/div><\/div><\/div><div class=\"fusion-layout-column fusion_builder_column fusion-builder-column-29 fusion_builder_column_1_3 1_3 fusion-flex-column\" style=\"--awb-bg-size:cover;--awb-width-large:33.3333333333%;--awb-margin-top-large:0px;--awb-spacing-right-large:5.76%;--awb-margin-bottom-large:20px;--awb-spacing-left-large:5.76%;--awb-width-medium:100%;--awb-order-medium:0;--awb-spacing-right-medium:1.92%;--awb-spacing-left-medium:1.92%;--awb-width-small:100%;--awb-order-small:0;--awb-spacing-right-small:1.92%;--awb-spacing-left-small:1.92%;\"><div class=\"fusion-column-wrapper fusion-column-has-shadow fusion-flex-justify-content-flex-start fusion-content-layout-column\"><div class=\"fusion-image-element \" style=\"--awb-caption-title-font-family:var(--h2_typography-font-family);--awb-caption-title-font-weight:var(--h2_typography-font-weight);--awb-caption-title-font-style:var(--h2_typography-font-style);--awb-caption-title-size:var(--h2_typography-font-size);--awb-caption-title-transform:var(--h2_typography-text-transform);--awb-caption-title-line-height:var(--h2_typography-line-height);--awb-caption-title-letter-spacing:var(--h2_typography-letter-spacing);\"><span class=\" fusion-imageframe imageframe-none imageframe-19 hover-type-none\"><img decoding=\"async\" width=\"500\" height=\"338\" title=\"default\" src=\"https:\/\/spack-webdesign.de\/rehl-klima\/wp-content\/uploads\/2025\/09\/DJI_0574.jpg\" alt class=\"img-responsive wp-image-6629\" srcset=\"https:\/\/spack-webdesign.de\/rehl-klima\/wp-content\/uploads\/2025\/09\/DJI_0574-200x135.jpg 200w, https:\/\/spack-webdesign.de\/rehl-klima\/wp-content\/uploads\/2025\/09\/DJI_0574-400x270.jpg 400w, https:\/\/spack-webdesign.de\/rehl-klima\/wp-content\/uploads\/2025\/09\/DJI_0574.jpg 500w\" sizes=\"(max-width: 1024px) 100vw, (max-width: 640px) 100vw, 400px\" \/><\/span><\/div><\/div><\/div><div class=\"fusion-layout-column fusion_builder_column fusion-builder-column-30 fusion_builder_column_1_3 1_3 fusion-flex-column\" style=\"--awb-bg-size:cover;--awb-width-large:33.3333333333%;--awb-margin-top-large:0px;--awb-spacing-right-large:5.76%;--awb-margin-bottom-large:20px;--awb-spacing-left-large:5.76%;--awb-width-medium:100%;--awb-order-medium:0;--awb-spacing-right-medium:1.92%;--awb-spacing-left-medium:1.92%;--awb-width-small:100%;--awb-order-small:0;--awb-spacing-right-small:1.92%;--awb-spacing-left-small:1.92%;\"><div class=\"fusion-column-wrapper fusion-column-has-shadow fusion-flex-justify-content-flex-start fusion-content-layout-column\"><div class=\"fusion-image-element \" style=\"--awb-caption-title-font-family:var(--h2_typography-font-family);--awb-caption-title-font-weight:var(--h2_typography-font-weight);--awb-caption-title-font-style:var(--h2_typography-font-style);--awb-caption-title-size:var(--h2_typography-font-size);--awb-caption-title-transform:var(--h2_typography-text-transform);--awb-caption-title-line-height:var(--h2_typography-line-height);--awb-caption-title-letter-spacing:var(--h2_typography-letter-spacing);\"><span class=\" fusion-imageframe imageframe-none imageframe-20 hover-type-none\"><img decoding=\"async\" width=\"500\" height=\"338\" title=\"default\" src=\"https:\/\/spack-webdesign.de\/rehl-klima\/wp-content\/uploads\/2025\/09\/DJI_0586.jpg\" alt class=\"img-responsive wp-image-6631\" srcset=\"https:\/\/spack-webdesign.de\/rehl-klima\/wp-content\/uploads\/2025\/09\/DJI_0586-200x135.jpg 200w, https:\/\/spack-webdesign.de\/rehl-klima\/wp-content\/uploads\/2025\/09\/DJI_0586-400x270.jpg 400w, https:\/\/spack-webdesign.de\/rehl-klima\/wp-content\/uploads\/2025\/09\/DJI_0586.jpg 500w\" sizes=\"(max-width: 1024px) 100vw, (max-width: 640px) 100vw, 400px\" \/><\/span><\/div><\/div><\/div><div class=\"fusion-layout-column fusion_builder_column fusion-builder-column-31 fusion_builder_column_1_3 1_3 fusion-flex-column\" style=\"--awb-bg-size:cover;--awb-width-large:33.3333333333%;--awb-margin-top-large:0px;--awb-spacing-right-large:5.76%;--awb-margin-bottom-large:20px;--awb-spacing-left-large:5.76%;--awb-width-medium:100%;--awb-order-medium:0;--awb-spacing-right-medium:1.92%;--awb-spacing-left-medium:1.92%;--awb-width-small:100%;--awb-order-small:0;--awb-spacing-right-small:1.92%;--awb-spacing-left-small:1.92%;\"><div class=\"fusion-column-wrapper fusion-column-has-shadow fusion-flex-justify-content-flex-start fusion-content-layout-column\"><div class=\"fusion-image-element \" style=\"--awb-caption-title-font-family:var(--h2_typography-font-family);--awb-caption-title-font-weight:var(--h2_typography-font-weight);--awb-caption-title-font-style:var(--h2_typography-font-style);--awb-caption-title-size:var(--h2_typography-font-size);--awb-caption-title-transform:var(--h2_typography-text-transform);--awb-caption-title-line-height:var(--h2_typography-line-height);--awb-caption-title-letter-spacing:var(--h2_typography-letter-spacing);\"><span class=\" fusion-imageframe imageframe-none imageframe-21 hover-type-none\"><img decoding=\"async\" width=\"2560\" height=\"1693\" title=\"default\" src=\"https:\/\/spack-webdesign.de\/rehl-klima\/wp-content\/uploads\/2026\/03\/ref-pv-anlage4.jpg\" alt class=\"img-responsive wp-image-7153\" srcset=\"https:\/\/spack-webdesign.de\/rehl-klima\/wp-content\/uploads\/2026\/03\/ref-pv-anlage4-200x132.jpg 200w, https:\/\/spack-webdesign.de\/rehl-klima\/wp-content\/uploads\/2026\/03\/ref-pv-anlage4-400x265.jpg 400w, https:\/\/spack-webdesign.de\/rehl-klima\/wp-content\/uploads\/2026\/03\/ref-pv-anlage4-600x397.jpg 600w, https:\/\/spack-webdesign.de\/rehl-klima\/wp-content\/uploads\/2026\/03\/ref-pv-anlage4-800x529.jpg 800w, https:\/\/spack-webdesign.de\/rehl-klima\/wp-content\/uploads\/2026\/03\/ref-pv-anlage4-1200x794.jpg 1200w, https:\/\/spack-webdesign.de\/rehl-klima\/wp-content\/uploads\/2026\/03\/ref-pv-anlage4.jpg 2560w\" sizes=\"(max-width: 1024px) 100vw, (max-width: 640px) 100vw, 400px\" \/><\/span><\/div><\/div><\/div><div class=\"fusion-layout-column fusion_builder_column fusion-builder-column-32 fusion_builder_column_1_3 1_3 fusion-flex-column\" style=\"--awb-bg-size:cover;--awb-width-large:33.3333333333%;--awb-margin-top-large:0px;--awb-spacing-right-large:5.76%;--awb-margin-bottom-large:20px;--awb-spacing-left-large:5.76%;--awb-width-medium:100%;--awb-order-medium:0;--awb-spacing-right-medium:1.92%;--awb-spacing-left-medium:1.92%;--awb-width-small:100%;--awb-order-small:0;--awb-spacing-right-small:1.92%;--awb-spacing-left-small:1.92%;\"><div class=\"fusion-column-wrapper fusion-column-has-shadow fusion-flex-justify-content-flex-start fusion-content-layout-column\"><div class=\"fusion-image-element \" style=\"--awb-caption-title-font-family:var(--h2_typography-font-family);--awb-caption-title-font-weight:var(--h2_typography-font-weight);--awb-caption-title-font-style:var(--h2_typography-font-style);--awb-caption-title-size:var(--h2_typography-font-size);--awb-caption-title-transform:var(--h2_typography-text-transform);--awb-caption-title-line-height:var(--h2_typography-line-height);--awb-caption-title-letter-spacing:var(--h2_typography-letter-spacing);\"><span class=\" fusion-imageframe imageframe-none imageframe-22 hover-type-none\"><img decoding=\"async\" width=\"2560\" height=\"1707\" title=\"default\" src=\"https:\/\/spack-webdesign.de\/rehl-klima\/wp-content\/uploads\/2026\/03\/ref-pv-anlage2.jpg\" alt class=\"img-responsive wp-image-7155\" srcset=\"https:\/\/spack-webdesign.de\/rehl-klima\/wp-content\/uploads\/2026\/03\/ref-pv-anlage2-200x133.jpg 200w, https:\/\/spack-webdesign.de\/rehl-klima\/wp-content\/uploads\/2026\/03\/ref-pv-anlage2-400x267.jpg 400w, https:\/\/spack-webdesign.de\/rehl-klima\/wp-content\/uploads\/2026\/03\/ref-pv-anlage2-600x400.jpg 600w, https:\/\/spack-webdesign.de\/rehl-klima\/wp-content\/uploads\/2026\/03\/ref-pv-anlage2-800x533.jpg 800w, https:\/\/spack-webdesign.de\/rehl-klima\/wp-content\/uploads\/2026\/03\/ref-pv-anlage2-1200x800.jpg 1200w, https:\/\/spack-webdesign.de\/rehl-klima\/wp-content\/uploads\/2026\/03\/ref-pv-anlage2.jpg 2560w\" sizes=\"(max-width: 1024px) 100vw, (max-width: 640px) 100vw, 400px\" \/><\/span><\/div><\/div><\/div><div class=\"fusion-layout-column fusion_builder_column fusion-builder-column-33 fusion_builder_column_1_3 1_3 fusion-flex-column\" style=\"--awb-bg-size:cover;--awb-width-large:33.3333333333%;--awb-margin-top-large:0px;--awb-spacing-right-large:5.76%;--awb-margin-bottom-large:20px;--awb-spacing-left-large:5.76%;--awb-width-medium:100%;--awb-order-medium:0;--awb-spacing-right-medium:1.92%;--awb-spacing-left-medium:1.92%;--awb-width-small:100%;--awb-order-small:0;--awb-spacing-right-small:1.92%;--awb-spacing-left-small:1.92%;\"><div class=\"fusion-column-wrapper fusion-column-has-shadow fusion-flex-justify-content-flex-start fusion-content-layout-column\"><div class=\"fusion-image-element \" style=\"--awb-aspect-ratio:3 \/ 2;--awb-caption-title-font-family:var(--h2_typography-font-family);--awb-caption-title-font-weight:var(--h2_typography-font-weight);--awb-caption-title-font-style:var(--h2_typography-font-style);--awb-caption-title-size:var(--h2_typography-font-size);--awb-caption-title-transform:var(--h2_typography-text-transform);--awb-caption-title-line-height:var(--h2_typography-line-height);--awb-caption-title-letter-spacing:var(--h2_typography-letter-spacing);\"><span class=\" fusion-imageframe imageframe-none imageframe-23 hover-type-none has-aspect-ratio\"><img decoding=\"async\" width=\"2560\" height=\"1440\" title=\"DCIM102MEDIADJI_0116.JPG\" src=\"https:\/\/spack-webdesign.de\/rehl-klima\/wp-content\/uploads\/2026\/03\/ref-pv-anlage3.jpg\" class=\"img-responsive wp-image-7154 img-with-aspect-ratio\" data-parent-fit=\"cover\" data-parent-container=\".fusion-image-element\" alt srcset=\"https:\/\/spack-webdesign.de\/rehl-klima\/wp-content\/uploads\/2026\/03\/ref-pv-anlage3-200x113.jpg 200w, https:\/\/spack-webdesign.de\/rehl-klima\/wp-content\/uploads\/2026\/03\/ref-pv-anlage3-400x225.jpg 400w, https:\/\/spack-webdesign.de\/rehl-klima\/wp-content\/uploads\/2026\/03\/ref-pv-anlage3-600x338.jpg 600w, https:\/\/spack-webdesign.de\/rehl-klima\/wp-content\/uploads\/2026\/03\/ref-pv-anlage3-800x450.jpg 800w, https:\/\/spack-webdesign.de\/rehl-klima\/wp-content\/uploads\/2026\/03\/ref-pv-anlage3-1200x675.jpg 1200w, https:\/\/spack-webdesign.de\/rehl-klima\/wp-content\/uploads\/2026\/03\/ref-pv-anlage3.jpg 2560w\" sizes=\"(max-width: 1024px) 100vw, (max-width: 640px) 100vw, 400px\" \/><\/span><\/div><\/div><\/div><\/div><\/div><\/p>\n","protected":false},"excerpt":{"rendered":"","protected":false},"author":1,"featured_media":0,"parent":5999,"menu_order":0,"comment_status":"closed","ping_status":"closed","template":"100-width.php","meta":{"footnotes":""},"class_list":["post-6001","page","type-page","status-publish","hentry"],"_links":{"self":[{"href":"https:\/\/spack-webdesign.de\/rehl-klima\/wp-json\/wp\/v2\/pages\/6001","targetHints":{"allow":["GET"]}}],"collection":[{"href":"https:\/\/spack-webdesign.de\/rehl-klima\/wp-json\/wp\/v2\/pages"}],"about":[{"href":"https:\/\/spack-webdesign.de\/rehl-klima\/wp-json\/wp\/v2\/types\/page"}],"author":[{"embeddable":true,"href":"https:\/\/spack-webdesign.de\/rehl-klima\/wp-json\/wp\/v2\/users\/1"}],"replies":[{"embeddable":true,"href":"https:\/\/spack-webdesign.de\/rehl-klima\/wp-json\/wp\/v2\/comments?post=6001"}],"version-history":[{"count":11,"href":"https:\/\/spack-webdesign.de\/rehl-klima\/wp-json\/wp\/v2\/pages\/6001\/revisions"}],"predecessor-version":[{"id":7156,"href":"https:\/\/spack-webdesign.de\/rehl-klima\/wp-json\/wp\/v2\/pages\/6001\/revisions\/7156"}],"up":[{"embeddable":true,"href":"https:\/\/spack-webdesign.de\/rehl-klima\/wp-json\/wp\/v2\/pages\/5999"}],"wp:attachment":[{"href":"https:\/\/spack-webdesign.de\/rehl-klima\/wp-json\/wp\/v2\/media?parent=6001"}],"curies":[{"name":"wp","href":"https:\/\/api.w.org\/{rel}","templated":true}]}}